{"id":3522,"date":"2026-02-02T05:38:12","date_gmt":"2026-02-02T03:38:12","guid":{"rendered":"http:\/\/www.kausel.de\/wordpress\/?page_id=3522"},"modified":"2026-02-11T16:23:01","modified_gmt":"2026-02-11T14:23:01","slug":"museen-malerei-kunst-bilder","status":"publish","type":"page","link":"http:\/\/www.kausel.de\/wordpress\/","title":{"rendered":"Zeitgen\u00f6ssische Kunst , Contemporary Art"},"content":{"rendered":"<p>&nbsp;<\/p>\n<p>&nbsp;<\/p>\n<p>&nbsp;<\/p>\n<div id=\"attachment_8375\" style=\"width: 310px\" class=\"wp-caption aligncenter\"><a href=\"http:\/\/www.kausel.de\/wordpress\/wp-content\/uploads\/2026\/02\/Colorfield-painting-60-x-50-und-60-x-50-cm-scaled.jpg\" data-rel=\"lightbox-image-0\" data-rl_title=\"\" data-rl_caption=\"\" title=\"\"><img aria-describedby=\"caption-attachment-8375\" decoding=\"async\" loading=\"lazy\" class=\"wp-image-8375 size-medium\" src=\"http:\/\/www.kausel.de\/wordpress\/wp-content\/uploads\/2026\/02\/Colorfield-painting-60-x-50-und-60-x-50-cm-300x177.jpg\" alt=\"konkrete kunst, konkrete Malerei\" width=\"300\" height=\"177\" srcset=\"http:\/\/www.kausel.de\/wordpress\/wp-content\/uploads\/2026\/02\/Colorfield-painting-60-x-50-und-60-x-50-cm-300x177.jpg 300w, http:\/\/www.kausel.de\/wordpress\/wp-content\/uploads\/2026\/02\/Colorfield-painting-60-x-50-und-60-x-50-cm-1024x603.jpg 1024w, http:\/\/www.kausel.de\/wordpress\/wp-content\/uploads\/2026\/02\/Colorfield-painting-60-x-50-und-60-x-50-cm-768x452.jpg 768w, http:\/\/www.kausel.de\/wordpress\/wp-content\/uploads\/2026\/02\/Colorfield-painting-60-x-50-und-60-x-50-cm-1536x905.jpg 1536w, http:\/\/www.kausel.de\/wordpress\/wp-content\/uploads\/2026\/02\/Colorfield-painting-60-x-50-und-60-x-50-cm-2048x1206.jpg 2048w\" sizes=\"(max-width: 300px) 100vw, 300px\" \/><\/a><p id=\"caption-attachment-8375\" class=\"wp-caption-text\">konkrete Malerei, konkrete Kunst, Malerei mit reinen,ungemischten Pigmenten. Je 60 x 50 cm.<\/p><\/div>\n<p>&nbsp;<\/p>\n<div id=\"attachment_8373\" style=\"width: 310px\" class=\"wp-caption aligncenter\"><a href=\"http:\/\/www.kausel.de\/wordpress\/wp-content\/uploads\/2026\/02\/Color-field-painting-60-x-60-und-60-x-50-cm-scaled.jpg\" data-rel=\"lightbox-image-1\" data-rl_title=\"\" data-rl_caption=\"\" title=\"\"><img aria-describedby=\"caption-attachment-8373\" decoding=\"async\" loading=\"lazy\" class=\"wp-image-8373 size-medium\" src=\"http:\/\/www.kausel.de\/wordpress\/wp-content\/uploads\/2026\/02\/Color-field-painting-60-x-60-und-60-x-50-cm-300x162.jpg\" alt=\"konkrete kunst\" width=\"300\" height=\"162\" srcset=\"http:\/\/www.kausel.de\/wordpress\/wp-content\/uploads\/2026\/02\/Color-field-painting-60-x-60-und-60-x-50-cm-300x162.jpg 300w, http:\/\/www.kausel.de\/wordpress\/wp-content\/uploads\/2026\/02\/Color-field-painting-60-x-60-und-60-x-50-cm-1024x553.jpg 1024w, http:\/\/www.kausel.de\/wordpress\/wp-content\/uploads\/2026\/02\/Color-field-painting-60-x-60-und-60-x-50-cm-768x415.jpg 768w, http:\/\/www.kausel.de\/wordpress\/wp-content\/uploads\/2026\/02\/Color-field-painting-60-x-60-und-60-x-50-cm-1536x830.jpg 1536w, http:\/\/www.kausel.de\/wordpress\/wp-content\/uploads\/2026\/02\/Color-field-painting-60-x-60-und-60-x-50-cm-2048x1106.jpg 2048w\" sizes=\"(max-width: 300px) 100vw, 300px\" \/><\/a><p id=\"caption-attachment-8373\" class=\"wp-caption-text\">Konkrete Kunst, konkrete Malerei, Malerei mit reinen,ungemischten Pigmenten. 60 x 60 cm und 60 x 50 cm.<\/p><\/div>\n<p>&nbsp;<\/p>\n<div id=\"attachment_8369\" style=\"width: 310px\" class=\"wp-caption aligncenter\"><a href=\"http:\/\/www.kausel.de\/wordpress\/wp-content\/uploads\/2026\/02\/IMG_5321.jpg\" data-rel=\"lightbox-image-2\" data-rl_title=\"\" data-rl_caption=\"\" title=\"\"><img aria-describedby=\"caption-attachment-8369\" decoding=\"async\" loading=\"lazy\" class=\"wp-image-8369 size-medium\" src=\"http:\/\/www.kausel.de\/wordpress\/wp-content\/uploads\/2026\/02\/IMG_5321-300x295.jpg\" alt=\"Malerei\" width=\"300\" height=\"295\" srcset=\"http:\/\/www.kausel.de\/wordpress\/wp-content\/uploads\/2026\/02\/IMG_5321-300x295.jpg 300w, http:\/\/www.kausel.de\/wordpress\/wp-content\/uploads\/2026\/02\/IMG_5321-1024x1006.jpg 1024w, http:\/\/www.kausel.de\/wordpress\/wp-content\/uploads\/2026\/02\/IMG_5321-768x755.jpg 768w, http:\/\/www.kausel.de\/wordpress\/wp-content\/uploads\/2026\/02\/IMG_5321-1536x1509.jpg 1536w, http:\/\/www.kausel.de\/wordpress\/wp-content\/uploads\/2026\/02\/IMG_5321-2048x2012.jpg 2048w\" sizes=\"(max-width: 300px) 100vw, 300px\" \/><\/a><p id=\"caption-attachment-8369\" class=\"wp-caption-text\">Abstrake Malerei, konkrete Malerei, 60 x 60 cm, \u00d6l auf Leinwand auf Keilrahmen.<\/p><\/div>\n<p>&nbsp;<\/p>\n<p>&nbsp;<\/p>\n<div id=\"attachment_8365\" style=\"width: 590px\" class=\"wp-caption aligncenter\"><a href=\"http:\/\/www.kausel.de\/wordpress\/wp-content\/uploads\/2025\/12\/IMG_4348-scaled.jpg\" data-rel=\"lightbox-image-3\" data-rl_title=\"\" data-rl_caption=\"\" title=\"\"><img aria-describedby=\"caption-attachment-8365\" decoding=\"async\" loading=\"lazy\" class=\"size-large wp-image-8365\" src=\"http:\/\/www.kausel.de\/wordpress\/wp-content\/uploads\/2025\/12\/IMG_4348-768x1024.jpg\" alt=\"Galerie der K\u00fcnstler M\u00fcnchen\" width=\"580\" height=\"773\" srcset=\"http:\/\/www.kausel.de\/wordpress\/wp-content\/uploads\/2025\/12\/IMG_4348-768x1024.jpg 768w, http:\/\/www.kausel.de\/wordpress\/wp-content\/uploads\/2025\/12\/IMG_4348-225x300.jpg 225w, http:\/\/www.kausel.de\/wordpress\/wp-content\/uploads\/2025\/12\/IMG_4348-1152x1536.jpg 1152w, http:\/\/www.kausel.de\/wordpress\/wp-content\/uploads\/2025\/12\/IMG_4348-1536x2048.jpg 1536w, http:\/\/www.kausel.de\/wordpress\/wp-content\/uploads\/2025\/12\/IMG_4348-scaled.jpg 1920w\" sizes=\"(max-width: 580px) 100vw, 580px\" \/><\/a><p id=\"caption-attachment-8365\" class=\"wp-caption-text\">Vernissage Galerie der K\u00fcnstler M\u00fcnchen<\/p><\/div>\n<p>&nbsp;<\/p>\n<p>&nbsp;<\/p>\n<div id=\"attachment_8360\" style=\"width: 1034px\" class=\"wp-caption aligncenter\"><a href=\"http:\/\/www.kausel.de\/wordpress\/wp-content\/uploads\/2025\/10\/abstrakte-Malerei-blue-29-und-Red-122-magenta-je-60-x-60-cm-scaled.jpg\" data-rel=\"lightbox-image-4\" data-rl_title=\"\" data-rl_caption=\"\" title=\"\"><img aria-describedby=\"caption-attachment-8360\" decoding=\"async\" loading=\"lazy\" class=\"wp-image-8360 size-large\" src=\"http:\/\/www.kausel.de\/wordpress\/wp-content\/uploads\/2025\/10\/abstrakte-Malerei-blue-29-und-Red-122-magenta-je-60-x-60-cm-1024x345.jpg\" alt=\"Magenta and Blue 29\" width=\"1024\" height=\"345\" srcset=\"http:\/\/www.kausel.de\/wordpress\/wp-content\/uploads\/2025\/10\/abstrakte-Malerei-blue-29-und-Red-122-magenta-je-60-x-60-cm-1024x345.jpg 1024w, http:\/\/www.kausel.de\/wordpress\/wp-content\/uploads\/2025\/10\/abstrakte-Malerei-blue-29-und-Red-122-magenta-je-60-x-60-cm-300x101.jpg 300w, http:\/\/www.kausel.de\/wordpress\/wp-content\/uploads\/2025\/10\/abstrakte-Malerei-blue-29-und-Red-122-magenta-je-60-x-60-cm-768x259.jpg 768w, http:\/\/www.kausel.de\/wordpress\/wp-content\/uploads\/2025\/10\/abstrakte-Malerei-blue-29-und-Red-122-magenta-je-60-x-60-cm-1536x518.jpg 1536w, http:\/\/www.kausel.de\/wordpress\/wp-content\/uploads\/2025\/10\/abstrakte-Malerei-blue-29-und-Red-122-magenta-je-60-x-60-cm-2048x691.jpg 2048w\" sizes=\"(max-width: 1024px) 100vw, 1024px\" \/><\/a><p id=\"caption-attachment-8360\" class=\"wp-caption-text\">Blue 29, ultramarinblau und Red 122 Magenta. \u00d6l, Acryl auf Leinwand auf Keilrahmen. 2025. Je 60 x 60 cm.<\/p><\/div>\n<p>&nbsp;<\/p>\n<div id=\"attachment_8355\" style=\"width: 310px\" class=\"wp-caption aligncenter\"><a href=\"http:\/\/www.kausel.de\/wordpress\/wp-content\/uploads\/2025\/10\/IMG_3220.jpg\" data-rel=\"lightbox-image-5\" data-rl_title=\"\" data-rl_caption=\"\" title=\"\"><img aria-describedby=\"caption-attachment-8355\" decoding=\"async\" loading=\"lazy\" class=\"wp-image-8355 size-medium\" src=\"http:\/\/www.kausel.de\/wordpress\/wp-content\/uploads\/2025\/10\/IMG_3220-300x297.jpg\" alt=\"zeitgen\u00f6ssische malerei\" width=\"300\" height=\"297\" srcset=\"http:\/\/www.kausel.de\/wordpress\/wp-content\/uploads\/2025\/10\/IMG_3220-300x297.jpg 300w, http:\/\/www.kausel.de\/wordpress\/wp-content\/uploads\/2025\/10\/IMG_3220-1024x1014.jpg 1024w, http:\/\/www.kausel.de\/wordpress\/wp-content\/uploads\/2025\/10\/IMG_3220-150x150.jpg 150w, http:\/\/www.kausel.de\/wordpress\/wp-content\/uploads\/2025\/10\/IMG_3220-768x760.jpg 768w, http:\/\/www.kausel.de\/wordpress\/wp-content\/uploads\/2025\/10\/IMG_3220-1536x1521.jpg 1536w, http:\/\/www.kausel.de\/wordpress\/wp-content\/uploads\/2025\/10\/IMG_3220-2048x2028.jpg 2048w\" sizes=\"(max-width: 300px) 100vw, 300px\" \/><\/a><p id=\"caption-attachment-8355\" class=\"wp-caption-text\">Green 50. Neu: Malerei mit reinen, ungemischten Pigmenten. \u00d6l auf Leinwand auf Keilrahmen, 60 x 60 x 3,8 cm. 08.10.2025<\/p><\/div>\n<p>&nbsp;<\/p>\n<div id=\"attachment_8353\" style=\"width: 310px\" class=\"wp-caption aligncenter\"><a href=\"http:\/\/www.kausel.de\/wordpress\/wp-content\/uploads\/2025\/10\/IMG_3178.jpg\" data-rel=\"lightbox-image-6\" data-rl_title=\"\" data-rl_caption=\"\" title=\"\"><img aria-describedby=\"caption-attachment-8353\" decoding=\"async\" loading=\"lazy\" class=\"wp-image-8353 size-medium\" src=\"http:\/\/www.kausel.de\/wordpress\/wp-content\/uploads\/2025\/10\/IMG_3178-300x300.jpg\" alt=\"zeitgen\u00f6ssische Malerei\" width=\"300\" height=\"300\" srcset=\"http:\/\/www.kausel.de\/wordpress\/wp-content\/uploads\/2025\/10\/IMG_3178-300x300.jpg 300w, http:\/\/www.kausel.de\/wordpress\/wp-content\/uploads\/2025\/10\/IMG_3178-1020x1024.jpg 1020w, http:\/\/www.kausel.de\/wordpress\/wp-content\/uploads\/2025\/10\/IMG_3178-150x150.jpg 150w, http:\/\/www.kausel.de\/wordpress\/wp-content\/uploads\/2025\/10\/IMG_3178-768x771.jpg 768w, http:\/\/www.kausel.de\/wordpress\/wp-content\/uploads\/2025\/10\/IMG_3178-1530x1536.jpg 1530w, http:\/\/www.kausel.de\/wordpress\/wp-content\/uploads\/2025\/10\/IMG_3178-2040x2048.jpg 2040w\" sizes=\"(max-width: 300px) 100vw, 300px\" \/><\/a><p id=\"caption-attachment-8353\" class=\"wp-caption-text\">violet 14. \u00d6l auf Leinwand auf Keilrahmen. 50 x 50 x 2,8 cm. Neu: Malerei mit reinen, ungemischten Pigmenten. 08.10.2025<\/p><\/div>\n<p>&nbsp;<\/p>\n<p>&nbsp;<\/p>\n<div id=\"attachment_8342\" style=\"width: 590px\" class=\"wp-caption aligncenter\"><a href=\"http:\/\/www.kausel.de\/wordpress\/wp-content\/uploads\/2025\/06\/Abstrakte-Malerei-95-x-95-cm-neu-scaled.jpg\" data-rel=\"lightbox-image-7\" data-rl_title=\"\" data-rl_caption=\"\" title=\"\"><img aria-describedby=\"caption-attachment-8342\" decoding=\"async\" loading=\"lazy\" class=\"wp-image-8342 size-large\" src=\"http:\/\/www.kausel.de\/wordpress\/wp-content\/uploads\/2025\/06\/Abstrakte-Malerei-95-x-95-cm-neu-982x1024.jpg\" alt=\"Abstrakte Malerei\" width=\"580\" height=\"605\" srcset=\"http:\/\/www.kausel.de\/wordpress\/wp-content\/uploads\/2025\/06\/Abstrakte-Malerei-95-x-95-cm-neu-982x1024.jpg 982w, http:\/\/www.kausel.de\/wordpress\/wp-content\/uploads\/2025\/06\/Abstrakte-Malerei-95-x-95-cm-neu-288x300.jpg 288w, http:\/\/www.kausel.de\/wordpress\/wp-content\/uploads\/2025\/06\/Abstrakte-Malerei-95-x-95-cm-neu-768x801.jpg 768w, http:\/\/www.kausel.de\/wordpress\/wp-content\/uploads\/2025\/06\/Abstrakte-Malerei-95-x-95-cm-neu-1473x1536.jpg 1473w, http:\/\/www.kausel.de\/wordpress\/wp-content\/uploads\/2025\/06\/Abstrakte-Malerei-95-x-95-cm-neu-1964x2048.jpg 1964w\" sizes=\"(max-width: 580px) 100vw, 580px\" \/><\/a><p id=\"caption-attachment-8342\" class=\"wp-caption-text\">Abstrakte Malerei, 95 x 95 cm, \u00d6l auf Leinwand, neu: Juni 2025. mit reinen, ungemischten Pigmenten.<\/p><\/div>\n<p>&nbsp;<\/p>\n<div id=\"attachment_8339\" style=\"width: 310px\" class=\"wp-caption aligncenter\"><a href=\"http:\/\/www.kausel.de\/wordpress\/wp-content\/uploads\/2025\/06\/Abstrakte-Malerei-scaled.jpg\" data-rel=\"lightbox-image-8\" data-rl_title=\"\" data-rl_caption=\"\" title=\"\"><img aria-describedby=\"caption-attachment-8339\" decoding=\"async\" loading=\"lazy\" class=\"wp-image-8339 size-medium\" src=\"http:\/\/www.kausel.de\/wordpress\/wp-content\/uploads\/2025\/06\/Abstrakte-Malerei-300x298.jpg\" alt=\"Neu: abstrakte Malerei\" width=\"300\" height=\"298\" srcset=\"http:\/\/www.kausel.de\/wordpress\/wp-content\/uploads\/2025\/06\/Abstrakte-Malerei-300x298.jpg 300w, http:\/\/www.kausel.de\/wordpress\/wp-content\/uploads\/2025\/06\/Abstrakte-Malerei-1024x1017.jpg 1024w, http:\/\/www.kausel.de\/wordpress\/wp-content\/uploads\/2025\/06\/Abstrakte-Malerei-150x150.jpg 150w, http:\/\/www.kausel.de\/wordpress\/wp-content\/uploads\/2025\/06\/Abstrakte-Malerei-768x763.jpg 768w, http:\/\/www.kausel.de\/wordpress\/wp-content\/uploads\/2025\/06\/Abstrakte-Malerei-1536x1526.jpg 1536w, http:\/\/www.kausel.de\/wordpress\/wp-content\/uploads\/2025\/06\/Abstrakte-Malerei-2048x2034.jpg 2048w\" sizes=\"(max-width: 300px) 100vw, 300px\" \/><\/a><p id=\"caption-attachment-8339\" class=\"wp-caption-text\">Neu, Juni 2025. Abstrakte Malerei. \u00d6l auf Leinwand auf Keilrahmen. 50 x 42 cm. Mit reinen, ungemischten Farben.<\/p><\/div>\n<p>&nbsp;<\/p>\n<div id=\"attachment_8305\" style=\"width: 590px\" class=\"wp-caption aligncenter\"><a href=\"http:\/\/www.kausel.de\/wordpress\/wp-content\/uploads\/2025\/05\/Kunstsammlung-Museum-fuer-konkrete-Kunst-Ingolstadt-scaled.jpg\" data-rel=\"lightbox-image-9\" data-rl_title=\"\" data-rl_caption=\"\" title=\"\"><img aria-describedby=\"caption-attachment-8305\" decoding=\"async\" loading=\"lazy\" class=\"size-large wp-image-8305\" src=\"http:\/\/www.kausel.de\/wordpress\/wp-content\/uploads\/2025\/05\/Kunstsammlung-Museum-fuer-konkrete-Kunst-Ingolstadt-1024x874.jpg\" alt=\"abstrakte malerei in Museen\" width=\"580\" height=\"495\" srcset=\"http:\/\/www.kausel.de\/wordpress\/wp-content\/uploads\/2025\/05\/Kunstsammlung-Museum-fuer-konkrete-Kunst-Ingolstadt-1024x874.jpg 1024w, http:\/\/www.kausel.de\/wordpress\/wp-content\/uploads\/2025\/05\/Kunstsammlung-Museum-fuer-konkrete-Kunst-Ingolstadt-300x256.jpg 300w, http:\/\/www.kausel.de\/wordpress\/wp-content\/uploads\/2025\/05\/Kunstsammlung-Museum-fuer-konkrete-Kunst-Ingolstadt-768x656.jpg 768w, http:\/\/www.kausel.de\/wordpress\/wp-content\/uploads\/2025\/05\/Kunstsammlung-Museum-fuer-konkrete-Kunst-Ingolstadt-1536x1311.jpg 1536w, http:\/\/www.kausel.de\/wordpress\/wp-content\/uploads\/2025\/05\/Kunstsammlung-Museum-fuer-konkrete-Kunst-Ingolstadt-2048x1749.jpg 2048w\" sizes=\"(max-width: 580px) 100vw, 580px\" \/><\/a><p id=\"caption-attachment-8305\" class=\"wp-caption-text\">Malerei im Museum f\u00fcr konkrete Kunst in Ingolstadt<\/p><\/div>\n<p>&nbsp;<\/p>\n<div id=\"attachment_8303\" style=\"width: 590px\" class=\"wp-caption aligncenter\"><a href=\"http:\/\/www.kausel.de\/wordpress\/wp-content\/uploads\/2025\/05\/Blue-28.-Inorganic-Pigment-Museum-fuer-konkrte-Kunst-Ingolstadt-scaled.jpg\" data-rel=\"lightbox-image-10\" data-rl_title=\"\" data-rl_caption=\"\" title=\"\"><img aria-describedby=\"caption-attachment-8303\" decoding=\"async\" loading=\"lazy\" class=\"size-large wp-image-8303\" src=\"http:\/\/www.kausel.de\/wordpress\/wp-content\/uploads\/2025\/05\/Blue-28.-Inorganic-Pigment-Museum-fuer-konkrte-Kunst-Ingolstadt-1024x688.jpg\" alt=\"Museum\" width=\"580\" height=\"390\" srcset=\"http:\/\/www.kausel.de\/wordpress\/wp-content\/uploads\/2025\/05\/Blue-28.-Inorganic-Pigment-Museum-fuer-konkrte-Kunst-Ingolstadt-1024x688.jpg 1024w, http:\/\/www.kausel.de\/wordpress\/wp-content\/uploads\/2025\/05\/Blue-28.-Inorganic-Pigment-Museum-fuer-konkrte-Kunst-Ingolstadt-300x202.jpg 300w, http:\/\/www.kausel.de\/wordpress\/wp-content\/uploads\/2025\/05\/Blue-28.-Inorganic-Pigment-Museum-fuer-konkrte-Kunst-Ingolstadt-768x516.jpg 768w, http:\/\/www.kausel.de\/wordpress\/wp-content\/uploads\/2025\/05\/Blue-28.-Inorganic-Pigment-Museum-fuer-konkrte-Kunst-Ingolstadt-1536x1032.jpg 1536w, http:\/\/www.kausel.de\/wordpress\/wp-content\/uploads\/2025\/05\/Blue-28.-Inorganic-Pigment-Museum-fuer-konkrte-Kunst-Ingolstadt-2048x1376.jpg 2048w\" sizes=\"(max-width: 580px) 100vw, 580px\" \/><\/a><p id=\"caption-attachment-8303\" class=\"wp-caption-text\">Malerei. Blau. \u00d6l auf Leinwand.<br \/>Museum f\u00fcr konkrete Kunst Ingolstadt<\/p><\/div>\n<p>&nbsp;<\/p>\n<p>&nbsp;<\/p>\n<p>&nbsp;<\/p>\n<div id=\"attachment_8295\" style=\"width: 590px\" class=\"wp-caption aligncenter\"><a href=\"http:\/\/www.kausel.de\/wordpress\/wp-content\/uploads\/2025\/05\/IMG_1764-scaled.jpeg\" data-rel=\"lightbox-image-11\" data-rl_title=\"\" data-rl_caption=\"\" title=\"\"><img aria-describedby=\"caption-attachment-8295\" decoding=\"async\" loading=\"lazy\" class=\"size-large wp-image-8295\" src=\"http:\/\/www.kausel.de\/wordpress\/wp-content\/uploads\/2025\/05\/IMG_1764-1024x768.jpeg\" alt=\"Museum f\u00fcr konkrete kunst Ingolstadt\" width=\"580\" height=\"435\" srcset=\"http:\/\/www.kausel.de\/wordpress\/wp-content\/uploads\/2025\/05\/IMG_1764-1024x768.jpeg 1024w, http:\/\/www.kausel.de\/wordpress\/wp-content\/uploads\/2025\/05\/IMG_1764-300x225.jpeg 300w, http:\/\/www.kausel.de\/wordpress\/wp-content\/uploads\/2025\/05\/IMG_1764-768x576.jpeg 768w, http:\/\/www.kausel.de\/wordpress\/wp-content\/uploads\/2025\/05\/IMG_1764-1536x1152.jpeg 1536w, http:\/\/www.kausel.de\/wordpress\/wp-content\/uploads\/2025\/05\/IMG_1764-2048x1536.jpeg 2048w\" sizes=\"(max-width: 580px) 100vw, 580px\" \/><\/a><p id=\"caption-attachment-8295\" class=\"wp-caption-text\">Malerei mit reinen, ungemischten Pigmenten.<\/p><\/div>\n<p>&nbsp;<\/p>\n<p>&nbsp;<\/p>\n<p>&nbsp;<\/p>\n<div id=\"attachment_8252\" style=\"width: 2570px\" class=\"wp-caption aligncenter\"><a href=\"http:\/\/www.kausel.de\/wordpress\/wp-content\/uploads\/2025\/01\/Gomringer-100.-Geburtstag-Stadt-Rehau-Ausstellung-scaled.jpg\" data-rel=\"lightbox-image-12\" data-rl_title=\"\" data-rl_caption=\"\" title=\"\"><img aria-describedby=\"caption-attachment-8252\" decoding=\"async\" loading=\"lazy\" class=\"wp-image-8252 size-full\" src=\"http:\/\/www.kausel.de\/wordpress\/wp-content\/uploads\/2025\/01\/Gomringer-100.-Geburtstag-Stadt-Rehau-Ausstellung-scaled.jpg\" alt=\"Stadt Rehau, konkrete Kunst\" width=\"2560\" height=\"1292\" srcset=\"http:\/\/www.kausel.de\/wordpress\/wp-content\/uploads\/2025\/01\/Gomringer-100.-Geburtstag-Stadt-Rehau-Ausstellung-scaled.jpg 2560w, http:\/\/www.kausel.de\/wordpress\/wp-content\/uploads\/2025\/01\/Gomringer-100.-Geburtstag-Stadt-Rehau-Ausstellung-300x151.jpg 300w, http:\/\/www.kausel.de\/wordpress\/wp-content\/uploads\/2025\/01\/Gomringer-100.-Geburtstag-Stadt-Rehau-Ausstellung-1024x517.jpg 1024w, http:\/\/www.kausel.de\/wordpress\/wp-content\/uploads\/2025\/01\/Gomringer-100.-Geburtstag-Stadt-Rehau-Ausstellung-768x388.jpg 768w, http:\/\/www.kausel.de\/wordpress\/wp-content\/uploads\/2025\/01\/Gomringer-100.-Geburtstag-Stadt-Rehau-Ausstellung-1536x775.jpg 1536w, http:\/\/www.kausel.de\/wordpress\/wp-content\/uploads\/2025\/01\/Gomringer-100.-Geburtstag-Stadt-Rehau-Ausstellung-2048x1034.jpg 2048w\" sizes=\"(max-width: 2560px) 100vw, 2560px\" \/><\/a><p id=\"caption-attachment-8252\" class=\"wp-caption-text\">konkrete kunst, Ausstellung mit Werken von: G\u00fcnter Fruhtrunk, Marcello Morandini, Max Bill, Hejo Hangen, Josef Albers, Richard Paul Lohse, Thomas P. Kausel, Josef Linschinger, Eugen Gomringer, Heinz Gappmayer, Otto Herbert Hajek, Victor Vasarely, Piero Dorazio, Jean-Pierre Husquinet, Hans J\u00f6rg Glattfelder, Rudolf H\u00e4rtl, G\u00fcnther Uecker, Anton Stankowski.<\/p><\/div>\n<p>&nbsp;<\/p>\n<p>&nbsp;<\/p>\n<p>&nbsp;<\/p>\n<div id=\"attachment_2398\" style=\"width: 590px\" class=\"wp-caption aligncenter\"><a href=\"http:\/\/www.kausel.de\/wordpress\/wp-content\/uploads\/2018\/09\/IMG_0080.jpg\" data-rel=\"lightbox-image-13\" data-rl_title=\"\" data-rl_caption=\"\" title=\"\"><img aria-describedby=\"caption-attachment-2398\" decoding=\"async\" loading=\"lazy\" class=\"wp-image-2398 size-large\" src=\"http:\/\/www.kausel.de\/wordpress\/wp-content\/uploads\/2018\/09\/IMG_0080-768x1024.jpg\" alt=\"Kunsthaus Rehau, Professor Eugen Gomringer\" width=\"580\" height=\"773\" srcset=\"http:\/\/www.kausel.de\/wordpress\/wp-content\/uploads\/2018\/09\/IMG_0080-768x1024.jpg 768w, http:\/\/www.kausel.de\/wordpress\/wp-content\/uploads\/2018\/09\/IMG_0080-225x300.jpg 225w, http:\/\/www.kausel.de\/wordpress\/wp-content\/uploads\/2018\/09\/IMG_0080.jpg 1224w\" sizes=\"(max-width: 580px) 100vw, 580px\" \/><\/a><p id=\"caption-attachment-2398\" class=\"wp-caption-text\">Ausstellung kunsthaus Rehau, Eugen Gomringer Ausstellung Thomas Kausel, konkrete kunst<\/p><\/div>\n<p>&nbsp;<\/p>\n<p>&nbsp;<\/p>\n<p>&nbsp;<\/p>\n<p>&nbsp;<\/p>\n<div id=\"attachment_8245\" style=\"width: 1034px\" class=\"wp-caption aligncenter\"><a href=\"http:\/\/www.kausel.de\/wordpress\/wp-content\/uploads\/2024\/12\/grossformatige-Farbfeldmalerei-5-Kopie-8-2-2-scaled.jpg\" data-rel=\"lightbox-image-14\" data-rl_title=\"\" data-rl_caption=\"\" title=\"\"><img aria-describedby=\"caption-attachment-8245\" decoding=\"async\" loading=\"lazy\" class=\"wp-image-8245 size-large\" src=\"http:\/\/www.kausel.de\/wordpress\/wp-content\/uploads\/2024\/12\/grossformatige-Farbfeldmalerei-5-Kopie-8-2-2-1024x519.jpg\" alt=\"Color field painting. \" width=\"1024\" height=\"519\" srcset=\"http:\/\/www.kausel.de\/wordpress\/wp-content\/uploads\/2024\/12\/grossformatige-Farbfeldmalerei-5-Kopie-8-2-2-1024x519.jpg 1024w, http:\/\/www.kausel.de\/wordpress\/wp-content\/uploads\/2024\/12\/grossformatige-Farbfeldmalerei-5-Kopie-8-2-2-300x152.jpg 300w, http:\/\/www.kausel.de\/wordpress\/wp-content\/uploads\/2024\/12\/grossformatige-Farbfeldmalerei-5-Kopie-8-2-2-768x389.jpg 768w, http:\/\/www.kausel.de\/wordpress\/wp-content\/uploads\/2024\/12\/grossformatige-Farbfeldmalerei-5-Kopie-8-2-2-1536x778.jpg 1536w, http:\/\/www.kausel.de\/wordpress\/wp-content\/uploads\/2024\/12\/grossformatige-Farbfeldmalerei-5-Kopie-8-2-2-2048x1038.jpg 2048w\" sizes=\"(max-width: 1024px) 100vw, 1024px\" \/><\/a><p id=\"caption-attachment-8245\" class=\"wp-caption-text\">konkrete Kunst, konkrete Malerei. Color field painting. \u00d6l auf Leinwand. Je 95 x 95 cm, zweiteilig.<\/p><\/div>\n<p>&nbsp;<\/p>\n<p>&nbsp;<\/p>\n<div id=\"attachment_8241\" style=\"width: 590px\" class=\"wp-caption aligncenter\"><a href=\"http:\/\/www.kausel.de\/wordpress\/wp-content\/uploads\/2024\/11\/abstrakte-malerei-konkrete-kunst-neu-Oel-auf-Leinwand.jpg\" data-rel=\"lightbox-image-15\" data-rl_title=\"\" data-rl_caption=\"\" title=\"\"><img aria-describedby=\"caption-attachment-8241\" decoding=\"async\" loading=\"lazy\" class=\"size-large wp-image-8241\" src=\"http:\/\/www.kausel.de\/wordpress\/wp-content\/uploads\/2024\/11\/abstrakte-malerei-konkrete-kunst-neu-Oel-auf-Leinwand-1024x1017.jpg\" alt=\"abstrakte malerei, Farbfeldmalerei, color fieldpainting\" width=\"580\" height=\"576\" srcset=\"http:\/\/www.kausel.de\/wordpress\/wp-content\/uploads\/2024\/11\/abstrakte-malerei-konkrete-kunst-neu-Oel-auf-Leinwand-1024x1017.jpg 1024w, http:\/\/www.kausel.de\/wordpress\/wp-content\/uploads\/2024\/11\/abstrakte-malerei-konkrete-kunst-neu-Oel-auf-Leinwand-300x298.jpg 300w, http:\/\/www.kausel.de\/wordpress\/wp-content\/uploads\/2024\/11\/abstrakte-malerei-konkrete-kunst-neu-Oel-auf-Leinwand-150x150.jpg 150w, http:\/\/www.kausel.de\/wordpress\/wp-content\/uploads\/2024\/11\/abstrakte-malerei-konkrete-kunst-neu-Oel-auf-Leinwand-768x763.jpg 768w, http:\/\/www.kausel.de\/wordpress\/wp-content\/uploads\/2024\/11\/abstrakte-malerei-konkrete-kunst-neu-Oel-auf-Leinwand-1536x1525.jpg 1536w, http:\/\/www.kausel.de\/wordpress\/wp-content\/uploads\/2024\/11\/abstrakte-malerei-konkrete-kunst-neu-Oel-auf-Leinwand-2048x2033.jpg 2048w\" sizes=\"(max-width: 580px) 100vw, 580px\" \/><\/a><p id=\"caption-attachment-8241\" class=\"wp-caption-text\">abstrakte Malerei, konkrete Kunst, color field painting<\/p><\/div>\n<p>&nbsp;<\/p>\n<p>&nbsp;<\/p>\n<div id=\"attachment_8228\" style=\"width: 1034px\" class=\"wp-caption aligncenter\"><a href=\"http:\/\/www.kausel.de\/wordpress\/wp-content\/uploads\/2024\/07\/konkrete-kunst-art-concrete-scaled.jpg\" data-rel=\"lightbox-image-16\" data-rl_title=\"\" data-rl_caption=\"\" title=\"\"><img aria-describedby=\"caption-attachment-8228\" decoding=\"async\" loading=\"lazy\" class=\"wp-image-8228 size-large\" src=\"http:\/\/www.kausel.de\/wordpress\/wp-content\/uploads\/2024\/07\/konkrete-kunst-art-concrete-1024x499.jpg\" alt=\"konkrete kunst\" width=\"1024\" height=\"499\" srcset=\"http:\/\/www.kausel.de\/wordpress\/wp-content\/uploads\/2024\/07\/konkrete-kunst-art-concrete-1024x499.jpg 1024w, http:\/\/www.kausel.de\/wordpress\/wp-content\/uploads\/2024\/07\/konkrete-kunst-art-concrete-300x146.jpg 300w, http:\/\/www.kausel.de\/wordpress\/wp-content\/uploads\/2024\/07\/konkrete-kunst-art-concrete-768x374.jpg 768w, http:\/\/www.kausel.de\/wordpress\/wp-content\/uploads\/2024\/07\/konkrete-kunst-art-concrete-1536x749.jpg 1536w, http:\/\/www.kausel.de\/wordpress\/wp-content\/uploads\/2024\/07\/konkrete-kunst-art-concrete-2048x998.jpg 2048w\" sizes=\"(max-width: 1024px) 100vw, 1024px\" \/><\/a><p id=\"caption-attachment-8228\" class=\"wp-caption-text\">konkrete kunst. art concrete.Konkrete kunst, eine Form der abstrakten Kunst. Thomas Peter Kausel konzentriert sich auf die Erforschung der Grundlagen der Malerei, insbesondere auf die Verwendung reiner, unvermischter Pigmente. Seine Arbeiten sind gepr\u00e4gt von einer wissenschaftlichen Akribie und einzigartigen Ansatz. Ein charakteristisches Merkmal seiner Werke ist das Einschreiben des internationalen offiziellen Namens des Pigments gem\u00e4\u00df dem Colour Index-System auf die Vorderseite des Gem\u00e4ldes, beispielsweise \u201eRed 255\u201c. Durch diese Praxis hebt er sich von anderen Vertretern der Konkreten Kunst ab und schafft einen hohen Wiedererkennungswert.<\/p><\/div>\n<p>&nbsp;<\/p>\n<div id=\"attachment_8223\" style=\"width: 1034px\" class=\"wp-caption aligncenter\"><a href=\"http:\/\/www.kausel.de\/wordpress\/wp-content\/uploads\/2024\/06\/Kunstsammlung-Museum-fuer-konkrete-Kunst-Ingolstadt-2-scaled.jpg\" data-rel=\"lightbox-image-17\" data-rl_title=\"\" data-rl_caption=\"\" title=\"\"><img aria-describedby=\"caption-attachment-8223\" decoding=\"async\" loading=\"lazy\" class=\"wp-image-8223 size-large\" src=\"http:\/\/www.kausel.de\/wordpress\/wp-content\/uploads\/2024\/06\/Kunstsammlung-Museum-fuer-konkrete-Kunst-Ingolstadt-2-1024x772.jpg\" alt=\"Malerei in blau\" width=\"1024\" height=\"772\" srcset=\"http:\/\/www.kausel.de\/wordpress\/wp-content\/uploads\/2024\/06\/Kunstsammlung-Museum-fuer-konkrete-Kunst-Ingolstadt-2-1024x772.jpg 1024w, http:\/\/www.kausel.de\/wordpress\/wp-content\/uploads\/2024\/06\/Kunstsammlung-Museum-fuer-konkrete-Kunst-Ingolstadt-2-300x226.jpg 300w, http:\/\/www.kausel.de\/wordpress\/wp-content\/uploads\/2024\/06\/Kunstsammlung-Museum-fuer-konkrete-Kunst-Ingolstadt-2-768x579.jpg 768w, http:\/\/www.kausel.de\/wordpress\/wp-content\/uploads\/2024\/06\/Kunstsammlung-Museum-fuer-konkrete-Kunst-Ingolstadt-2-1536x1157.jpg 1536w, http:\/\/www.kausel.de\/wordpress\/wp-content\/uploads\/2024\/06\/Kunstsammlung-Museum-fuer-konkrete-Kunst-Ingolstadt-2-2048x1543.jpg 2048w\" sizes=\"(max-width: 1024px) 100vw, 1024px\" \/><\/a><p id=\"caption-attachment-8223\" class=\"wp-caption-text\">Malerei in blau. Mit dem seit 1925 publizierten Colour Index (C.I.) verf\u00fcgt Kausel \u00fcber ein Instrumentarium, das die weltweit rund 600 verf\u00fcgbaren Farbpigmente, von denen knapp 200 aufgrund ihrer hohen Lichtechtheit f\u00fcr die Malerei besonders geeignet sind, klassifiziert und mit einem international verbindlichen Code aus Buchstaben und Ziffern belegt. Anders als in physikalischen Ordnungssystemen wie etwa Newtons Farbkreis werden die Farben hier nicht nach der Wellenl\u00e4nge des reflektierten Lichts und damit nach ihrer Erscheinung gruppiert, sondern auf der Grundlage der molekularen Struktur ihrer Pigmente. So geh\u00f6ren auch solche Pigmente, die nach unseren herk\u00f6mmlichen Vorstellungen keinesfalls als verwandt betrachtet werden, dennoch der gleichen chemischen Gruppe an. Thomas Kausel verwendet f\u00fcr seine Werke ausschlie\u00dflich ungemischte Farben, die mit den im C.I. aufgef\u00fchrten Pigmenten hergestellt werden.<\/p><\/div>\n<p>&nbsp;<\/p>\n<p>&nbsp;<\/p>\n<div id=\"attachment_8199\" style=\"width: 646px\" class=\"wp-caption aligncenter\"><a href=\"http:\/\/www.kausel.de\/wordpress\/wp-content\/uploads\/2024\/04\/Kunstmuseum-Stuttgart-Kunstsammlung-Color-field-paintings-scaled.jpeg\" data-rel=\"lightbox-image-18\" data-rl_title=\"\u00d6l auf Leinwand\" data-rl_caption=\"\" title=\"\u00d6l auf Leinwand\"><img aria-describedby=\"caption-attachment-8199\" decoding=\"async\" loading=\"lazy\" class=\"wp-image-8199 size-large\" src=\"http:\/\/www.kausel.de\/wordpress\/wp-content\/uploads\/2024\/04\/Kunstmuseum-Stuttgart-Kunstsammlung-Color-field-paintings-636x1024.jpeg\" alt=\"Kunstsammlung Kunstmuseum Stuttgart \" width=\"636\" height=\"1024\" srcset=\"http:\/\/www.kausel.de\/wordpress\/wp-content\/uploads\/2024\/04\/Kunstmuseum-Stuttgart-Kunstsammlung-Color-field-paintings-636x1024.jpeg 636w, http:\/\/www.kausel.de\/wordpress\/wp-content\/uploads\/2024\/04\/Kunstmuseum-Stuttgart-Kunstsammlung-Color-field-paintings-186x300.jpeg 186w, http:\/\/www.kausel.de\/wordpress\/wp-content\/uploads\/2024\/04\/Kunstmuseum-Stuttgart-Kunstsammlung-Color-field-paintings-768x1237.jpeg 768w, http:\/\/www.kausel.de\/wordpress\/wp-content\/uploads\/2024\/04\/Kunstmuseum-Stuttgart-Kunstsammlung-Color-field-paintings-954x1536.jpeg 954w, http:\/\/www.kausel.de\/wordpress\/wp-content\/uploads\/2024\/04\/Kunstmuseum-Stuttgart-Kunstsammlung-Color-field-paintings-1272x2048.jpeg 1272w, http:\/\/www.kausel.de\/wordpress\/wp-content\/uploads\/2024\/04\/Kunstmuseum-Stuttgart-Kunstsammlung-Color-field-paintings-scaled.jpeg 1589w\" sizes=\"(max-width: 636px) 100vw, 636px\" \/><\/a><p id=\"caption-attachment-8199\" class=\"wp-caption-text\">Kunstsammlung Kunstmuseum Stuttgart mit Gem\u00e4lden von Thomas Kausel. Malerei mit hochlichtechten, ungemischten Pigmenten. Die Auswahl der Farben erfolgt nach dem internationalen Colour Index, einer systematischen Klassifizierungsmethode, die Pigmente nach ihrer chemischen Struktur ordnet. Alle verwendeten Farben sind auf der R\u00fcckseite vermerkt. Auf der Vorderseite des Gem\u00e4ldes malt Thomas Kausel den Namen einer verwendeten Farbe, zum Beispiel &#8222;Red 255&#8220;, was ein unverwechselbares Wiedererkennungsmerkmal darstellt.<\/p><\/div>\n<p>&nbsp;<\/p>\n<div id=\"attachment_8196\" style=\"width: 821px\" class=\"wp-caption aligncenter\"><a href=\"http:\/\/www.kausel.de\/wordpress\/wp-content\/uploads\/2024\/04\/konkrete-kunst-Color-field-painting-im-Kunstmuseum-Stuttgart-von-Thomas-Kausel-scaled.jpeg\" data-rel=\"lightbox-image-19\" data-rl_title=\"\u00d6l auf Leinwand\" data-rl_caption=\"\" title=\"\u00d6l auf Leinwand\"><img aria-describedby=\"caption-attachment-8196\" decoding=\"async\" loading=\"lazy\" class=\"wp-image-8196 size-large\" src=\"http:\/\/www.kausel.de\/wordpress\/wp-content\/uploads\/2024\/04\/konkrete-kunst-Color-field-painting-im-Kunstmuseum-Stuttgart-von-Thomas-Kausel-811x1024.jpeg\" alt=\"Kunstsammlung des Kunstmuseums Stuttgart mit Gem\u00e4lden von Thomas Kausel\" width=\"811\" height=\"1024\" srcset=\"http:\/\/www.kausel.de\/wordpress\/wp-content\/uploads\/2024\/04\/konkrete-kunst-Color-field-painting-im-Kunstmuseum-Stuttgart-von-Thomas-Kausel-811x1024.jpeg 811w, http:\/\/www.kausel.de\/wordpress\/wp-content\/uploads\/2024\/04\/konkrete-kunst-Color-field-painting-im-Kunstmuseum-Stuttgart-von-Thomas-Kausel-238x300.jpeg 238w, http:\/\/www.kausel.de\/wordpress\/wp-content\/uploads\/2024\/04\/konkrete-kunst-Color-field-painting-im-Kunstmuseum-Stuttgart-von-Thomas-Kausel-768x970.jpeg 768w, http:\/\/www.kausel.de\/wordpress\/wp-content\/uploads\/2024\/04\/konkrete-kunst-Color-field-painting-im-Kunstmuseum-Stuttgart-von-Thomas-Kausel-1217x1536.jpeg 1217w, http:\/\/www.kausel.de\/wordpress\/wp-content\/uploads\/2024\/04\/konkrete-kunst-Color-field-painting-im-Kunstmuseum-Stuttgart-von-Thomas-Kausel-1622x2048.jpeg 1622w, http:\/\/www.kausel.de\/wordpress\/wp-content\/uploads\/2024\/04\/konkrete-kunst-Color-field-painting-im-Kunstmuseum-Stuttgart-von-Thomas-Kausel-scaled.jpeg 2028w\" sizes=\"(max-width: 811px) 100vw, 811px\" \/><\/a><p id=\"caption-attachment-8196\" class=\"wp-caption-text\">Konkrete Kunst von Thomas Kausel im Kunstmuseum Stuttgart. Kunstsammlung. Auf der Vorderseite des Gem\u00e4ldes malt Thomas Kausel den Namen einer verwendeten Farbe,, zum Beispiel &#8222;Green 50&#8220;, was ein unverwechselbares Wiedererkennungsmerkmal darstellt.<\/p><\/div>\n<p>&nbsp;<\/p>\n<p>&nbsp;<\/p>\n<p>&nbsp;<\/p>\n<div id=\"attachment_8194\" style=\"width: 590px\" class=\"wp-caption aligncenter\"><a href=\"http:\/\/www.kausel.de\/wordpress\/wp-content\/uploads\/2024\/04\/kunstmuseum-Stuttgart-.jpeg\" data-rel=\"lightbox-image-20\" data-rl_title=\"\u00d6l auf Leinwand\" data-rl_caption=\"\" title=\"\u00d6l auf Leinwand\"><img aria-describedby=\"caption-attachment-8194\" decoding=\"async\" loading=\"lazy\" class=\"wp-image-8194 size-large\" src=\"http:\/\/www.kausel.de\/wordpress\/wp-content\/uploads\/2024\/04\/kunstmuseum-Stuttgart--684x1024.jpeg\" alt=\"Kunstsammlung Kunstmuseum Stuttgart\" width=\"580\" height=\"868\" srcset=\"http:\/\/www.kausel.de\/wordpress\/wp-content\/uploads\/2024\/04\/kunstmuseum-Stuttgart--684x1024.jpeg 684w, http:\/\/www.kausel.de\/wordpress\/wp-content\/uploads\/2024\/04\/kunstmuseum-Stuttgart--200x300.jpeg 200w, http:\/\/www.kausel.de\/wordpress\/wp-content\/uploads\/2024\/04\/kunstmuseum-Stuttgart--768x1150.jpeg 768w, http:\/\/www.kausel.de\/wordpress\/wp-content\/uploads\/2024\/04\/kunstmuseum-Stuttgart--1026x1536.jpeg 1026w, http:\/\/www.kausel.de\/wordpress\/wp-content\/uploads\/2024\/04\/kunstmuseum-Stuttgart--1368x2048.jpeg 1368w, http:\/\/www.kausel.de\/wordpress\/wp-content\/uploads\/2024\/04\/kunstmuseum-Stuttgart-.jpeg 1566w\" sizes=\"(max-width: 580px) 100vw, 580px\" \/><\/a><p id=\"caption-attachment-8194\" class=\"wp-caption-text\">konkrete Kunst von Thomas Kausel im Kunstmuseum Stuttgart. Malerei mit hochlichtechten, ungemischten Pigmenten.<\/p><\/div>\n<p>&nbsp;<\/p>\n<p>&nbsp;<\/p>\n<div id=\"attachment_8179\" style=\"width: 2570px\" class=\"wp-caption aligncenter\"><a href=\"http:\/\/www.kausel.de\/wordpress\/wp-content\/uploads\/2024\/03\/contemporary-art-scaled.jpg\" data-rel=\"lightbox-image-21\" data-rl_title=\"\" data-rl_caption=\"\" title=\"\"><img aria-describedby=\"caption-attachment-8179\" decoding=\"async\" loading=\"lazy\" class=\"wp-image-8179 size-full\" src=\"http:\/\/www.kausel.de\/wordpress\/wp-content\/uploads\/2024\/03\/contemporary-art-scaled.jpg\" alt=\"contemporary fine art\" width=\"2560\" height=\"1097\" srcset=\"http:\/\/www.kausel.de\/wordpress\/wp-content\/uploads\/2024\/03\/contemporary-art-scaled.jpg 2560w, http:\/\/www.kausel.de\/wordpress\/wp-content\/uploads\/2024\/03\/contemporary-art-300x129.jpg 300w, http:\/\/www.kausel.de\/wordpress\/wp-content\/uploads\/2024\/03\/contemporary-art-1024x439.jpg 1024w, http:\/\/www.kausel.de\/wordpress\/wp-content\/uploads\/2024\/03\/contemporary-art-768x329.jpg 768w, http:\/\/www.kausel.de\/wordpress\/wp-content\/uploads\/2024\/03\/contemporary-art-1536x658.jpg 1536w, http:\/\/www.kausel.de\/wordpress\/wp-content\/uploads\/2024\/03\/contemporary-art-2048x878.jpg 2048w\" sizes=\"(max-width: 2560px) 100vw, 2560px\" \/><\/a><p id=\"caption-attachment-8179\" class=\"wp-caption-text\">Contemporary art. \u00d6l auf holz. Neu: Ich male nur mit den 154 best\u00e4ndigen, lichtechtesten Pigmenten. Rein und ungemnischt wirken sie sehr intensiv.<\/p><\/div>\n<p>&nbsp;<\/p>\n<p>&nbsp;<\/p>\n<p>&nbsp;<\/p>\n<div id=\"attachment_8045\" style=\"width: 1034px\" class=\"wp-caption aligncenter\"><a href=\"http:\/\/www.kausel.de\/wordpress\/wp-content\/uploads\/2023\/11\/Inspiration-durch-Josef-Albers-konkrete-Kunst-scaled.jpg\" data-rel=\"lightbox-image-22\" data-rl_title=\"oil on canvas\" data-rl_caption=\"\" title=\"oil on canvas\"><img aria-describedby=\"caption-attachment-8045\" decoding=\"async\" loading=\"lazy\" class=\"wp-image-8045 size-large\" src=\"http:\/\/www.kausel.de\/wordpress\/wp-content\/uploads\/2023\/11\/Inspiration-durch-Josef-Albers-konkrete-Kunst-1024x680.jpg\" alt=\"Josef Albers Hommagepainting concrete, violet an green, 60 x 60 x 2,5 cm, Oil on Canvas.\" width=\"1024\" height=\"680\" srcset=\"http:\/\/www.kausel.de\/wordpress\/wp-content\/uploads\/2023\/11\/Inspiration-durch-Josef-Albers-konkrete-Kunst-1024x680.jpg 1024w, http:\/\/www.kausel.de\/wordpress\/wp-content\/uploads\/2023\/11\/Inspiration-durch-Josef-Albers-konkrete-Kunst-300x199.jpg 300w, http:\/\/www.kausel.de\/wordpress\/wp-content\/uploads\/2023\/11\/Inspiration-durch-Josef-Albers-konkrete-Kunst-768x510.jpg 768w, http:\/\/www.kausel.de\/wordpress\/wp-content\/uploads\/2023\/11\/Inspiration-durch-Josef-Albers-konkrete-Kunst-1536x1021.jpg 1536w, http:\/\/www.kausel.de\/wordpress\/wp-content\/uploads\/2023\/11\/Inspiration-durch-Josef-Albers-konkrete-Kunst-2048x1361.jpg 2048w\" sizes=\"(max-width: 1024px) 100vw, 1024px\" \/><\/a><p id=\"caption-attachment-8045\" class=\"wp-caption-text\">Kausels Quadrat der Farbintensit\u00e4t: Ein kreativer Durchbruch, der Reinheit und Bauhaus-Prinzipien vereint, um neue k\u00fcnstlerische Horizonte zu \u00f6ffnen. Farbpalette der Zukunft: Kausels Malereiforschung im Quadrat. Eine k\u00fchne Reise, die die Grenzen von Farbintensit\u00e4t und Reinheit herausfordert.<\/p><\/div>\n<p>&nbsp;<\/p>\n<div id=\"attachment_7930\" style=\"width: 1034px\" class=\"wp-caption aligncenter\"><a href=\"http:\/\/www.kausel.de\/wordpress\/wp-content\/uploads\/2023\/07\/Kommunale-Galerie-Artothek-Ausstellung-Thomas-Peter-Kausel-scaled.jpg\" data-rel=\"lightbox-image-23\" data-rl_title=\"\u00d6l auf Leinwand\" data-rl_caption=\"\" title=\"\u00d6l auf Leinwand\"><img aria-describedby=\"caption-attachment-7930\" decoding=\"async\" loading=\"lazy\" class=\"wp-image-7930 size-large\" src=\"http:\/\/www.kausel.de\/wordpress\/wp-content\/uploads\/2023\/07\/Kommunale-Galerie-Artothek-Ausstellung-Thomas-Peter-Kausel-1024x688.jpg\" alt=\"Kommunale Galerie Berlin Charlottenburg-Wilmersdorf\" width=\"1024\" height=\"688\" srcset=\"http:\/\/www.kausel.de\/wordpress\/wp-content\/uploads\/2023\/07\/Kommunale-Galerie-Artothek-Ausstellung-Thomas-Peter-Kausel-1024x688.jpg 1024w, http:\/\/www.kausel.de\/wordpress\/wp-content\/uploads\/2023\/07\/Kommunale-Galerie-Artothek-Ausstellung-Thomas-Peter-Kausel-300x202.jpg 300w, http:\/\/www.kausel.de\/wordpress\/wp-content\/uploads\/2023\/07\/Kommunale-Galerie-Artothek-Ausstellung-Thomas-Peter-Kausel-768x516.jpg 768w, http:\/\/www.kausel.de\/wordpress\/wp-content\/uploads\/2023\/07\/Kommunale-Galerie-Artothek-Ausstellung-Thomas-Peter-Kausel-1536x1032.jpg 1536w, http:\/\/www.kausel.de\/wordpress\/wp-content\/uploads\/2023\/07\/Kommunale-Galerie-Artothek-Ausstellung-Thomas-Peter-Kausel-2048x1376.jpg 2048w\" sizes=\"(max-width: 1024px) 100vw, 1024px\" \/><\/a><p id=\"caption-attachment-7930\" class=\"wp-caption-text\">Hommage a Josef Albers:Unusual Interactions of Color \u2013 Hommage \u00e0 Josef Albers Malerei Die Ausstellung, bestehend aus 13 quadratischen Gem\u00e4lden, ist eine Hommage an den K\u00fcnstler Josef Albers, geboren in Bottrop (Albers Museum Quadrat Bottrop), lehrend am Bauhaus und in den USA. Albers` Farbexperimente enth\u00fcllten, dass die Farbe niemals so gesehen wird, wie sie tats\u00e4chlich ist. Die Wahrnehmung von Farbe kann tr\u00fcgerisch sein. Je nach Umgebung nimmt jeder Betrachter Farben unterschiedlich wahr. Thomas P. Kausel, geboren 1937 in Berlin, f\u00fchrt Josef Albers` Experimente weiter, aber: er malt nur mit den 154 hochlichtechten Pigmenten ungemischt. Und er w\u00e4hlt die Farben nicht nach seiner Inspiration aus, sondern nach dem Colour Index. Dieses Standardwerk ordnet die Pigmente seit 1925 nicht nach dem Aussehen, sondern nach deren chemischer Struktur und gibt ihnen internationale Namen: Pigment \u201eYellow 40\u201c ist Cobaltgelb. Da die chemische Klassifizierung keinesfalls durchwegs unserem Farbempfinden entspricht, erscheinen viele dieser Zusammenstellungen \u00fcberraschend und bisweilen sogar gewagt. Kommunale Galerie Berlin. Artothek Bezirksamt Charlottenburg-Wilmersdorf von Berlin, Fachbereich Kultur Hohenzollerndamm 176, 10713 Berlin www.kommunalegalerie-berlin.de<\/p><\/div>\n<p>&nbsp;<\/p>\n<div id=\"attachment_7917\" style=\"width: 590px\" class=\"wp-caption aligncenter\"><a href=\"http:\/\/www.kausel.de\/wordpress\/wp-content\/uploads\/2023\/07\/konkrete-Malerei-mit-Red-monochrom-122.png\" data-rel=\"lightbox-image-24\" data-rl_title=\"\u00d6l auf Leinwand\" data-rl_caption=\"\" title=\"\u00d6l auf Leinwand\"><img aria-describedby=\"caption-attachment-7917\" decoding=\"async\" loading=\"lazy\" class=\"size-large wp-image-7917\" src=\"http:\/\/www.kausel.de\/wordpress\/wp-content\/uploads\/2023\/07\/konkrete-Malerei-mit-Red-monochrom-122-1024x601.png\" alt=\"konkrete kunst\" width=\"580\" height=\"340\" srcset=\"http:\/\/www.kausel.de\/wordpress\/wp-content\/uploads\/2023\/07\/konkrete-Malerei-mit-Red-monochrom-122-1024x601.png 1024w, http:\/\/www.kausel.de\/wordpress\/wp-content\/uploads\/2023\/07\/konkrete-Malerei-mit-Red-monochrom-122-300x176.png 300w, http:\/\/www.kausel.de\/wordpress\/wp-content\/uploads\/2023\/07\/konkrete-Malerei-mit-Red-monochrom-122-768x451.png 768w, http:\/\/www.kausel.de\/wordpress\/wp-content\/uploads\/2023\/07\/konkrete-Malerei-mit-Red-monochrom-122-1536x902.png 1536w, http:\/\/www.kausel.de\/wordpress\/wp-content\/uploads\/2023\/07\/konkrete-Malerei-mit-Red-monochrom-122-2048x1203.png 2048w\" sizes=\"(max-width: 580px) 100vw, 580px\" \/><\/a><p id=\"caption-attachment-7917\" class=\"wp-caption-text\">Konkrete Malerei mit reinen, ungemischten Pigmenten, gem\u00e4\u00df Color Index System mit monochrom Red 122. Die Werke sind 60 x 50 x 3,5 cm und 40 x 40 x 2 cm.<\/p><\/div>\n<p>&nbsp;<\/p>\n<p>&nbsp;<\/p>\n<p>&nbsp;<\/p>\n<div id=\"attachment_7814\" style=\"width: 1034px\" class=\"wp-caption aligncenter\"><a href=\"http:\/\/www.kausel.de\/wordpress\/wp-content\/uploads\/2023\/02\/konkrete-kunst-Workshop-Wilhelm-Hack-Museum-Aussellung-Flottmann-Hallen-Herne-scaled.jpg\" data-rel=\"lightbox-image-25\" data-rl_title=\"Malerei auf Leinwand und b\u00fcttenpapier\" data-rl_caption=\"\" title=\"Malerei auf Leinwand und b\u00fcttenpapier\"><img aria-describedby=\"caption-attachment-7814\" decoding=\"async\" loading=\"lazy\" class=\"wp-image-7814 size-large\" src=\"http:\/\/www.kausel.de\/wordpress\/wp-content\/uploads\/2023\/02\/konkrete-kunst-Workshop-Wilhelm-Hack-Museum-Aussellung-Flottmann-Hallen-Herne-1024x1024.jpg\" alt=\"Museum Flottmann Hallen Herne, Museum der Stadt Bad Berleburg Wilhelm-Hack-Museum\" width=\"1024\" height=\"1024\" srcset=\"http:\/\/www.kausel.de\/wordpress\/wp-content\/uploads\/2023\/02\/konkrete-kunst-Workshop-Wilhelm-Hack-Museum-Aussellung-Flottmann-Hallen-Herne-1024x1024.jpg 1024w, http:\/\/www.kausel.de\/wordpress\/wp-content\/uploads\/2023\/02\/konkrete-kunst-Workshop-Wilhelm-Hack-Museum-Aussellung-Flottmann-Hallen-Herne-300x300.jpg 300w, http:\/\/www.kausel.de\/wordpress\/wp-content\/uploads\/2023\/02\/konkrete-kunst-Workshop-Wilhelm-Hack-Museum-Aussellung-Flottmann-Hallen-Herne-150x150.jpg 150w, http:\/\/www.kausel.de\/wordpress\/wp-content\/uploads\/2023\/02\/konkrete-kunst-Workshop-Wilhelm-Hack-Museum-Aussellung-Flottmann-Hallen-Herne-768x768.jpg 768w, http:\/\/www.kausel.de\/wordpress\/wp-content\/uploads\/2023\/02\/konkrete-kunst-Workshop-Wilhelm-Hack-Museum-Aussellung-Flottmann-Hallen-Herne-1536x1536.jpg 1536w, http:\/\/www.kausel.de\/wordpress\/wp-content\/uploads\/2023\/02\/konkrete-kunst-Workshop-Wilhelm-Hack-Museum-Aussellung-Flottmann-Hallen-Herne-2048x2048.jpg 2048w\" sizes=\"(max-width: 1024px) 100vw, 1024px\" \/><\/a><p id=\"caption-attachment-7814\" class=\"wp-caption-text\">Konkrete Malerei. Wilhelm-Hack-Museum Ludwigshafen, Workshop. Ausstellung Museum der Stadt Bad Berleburg.Ausstellung Flottmann Hallen der Stadt Herne. Atelier M\u00fcnchen.<\/p><\/div>\n<p>&nbsp;<\/p>\n<p>&nbsp;<\/p>\n<div id=\"attachment_7570\" style=\"width: 1034px\" class=\"wp-caption aligncenter\"><a href=\"http:\/\/www.kausel.de\/wordpress\/wp-content\/uploads\/2023\/02\/Public-CollectionsSammlungenWerke-in-oeffentlichem-Besitz-10-scaled.jpg\" data-rel=\"lightbox-image-26\" data-rl_title=\"Museen\" data-rl_caption=\"\" title=\"Museen\"><img aria-describedby=\"caption-attachment-7570\" decoding=\"async\" loading=\"lazy\" class=\"wp-image-7570 size-large\" src=\"http:\/\/www.kausel.de\/wordpress\/wp-content\/uploads\/2023\/02\/Public-CollectionsSammlungenWerke-in-oeffentlichem-Besitz-10-1024x1024.jpg\" alt=\"Kunstsammlung in Museen\" width=\"1024\" height=\"1024\" srcset=\"http:\/\/www.kausel.de\/wordpress\/wp-content\/uploads\/2023\/02\/Public-CollectionsSammlungenWerke-in-oeffentlichem-Besitz-10-1024x1024.jpg 1024w, http:\/\/www.kausel.de\/wordpress\/wp-content\/uploads\/2023\/02\/Public-CollectionsSammlungenWerke-in-oeffentlichem-Besitz-10-300x300.jpg 300w, http:\/\/www.kausel.de\/wordpress\/wp-content\/uploads\/2023\/02\/Public-CollectionsSammlungenWerke-in-oeffentlichem-Besitz-10-150x150.jpg 150w, http:\/\/www.kausel.de\/wordpress\/wp-content\/uploads\/2023\/02\/Public-CollectionsSammlungenWerke-in-oeffentlichem-Besitz-10-768x768.jpg 768w, http:\/\/www.kausel.de\/wordpress\/wp-content\/uploads\/2023\/02\/Public-CollectionsSammlungenWerke-in-oeffentlichem-Besitz-10-1536x1536.jpg 1536w, http:\/\/www.kausel.de\/wordpress\/wp-content\/uploads\/2023\/02\/Public-CollectionsSammlungenWerke-in-oeffentlichem-Besitz-10-2048x2048.jpg 2048w\" sizes=\"(max-width: 1024px) 100vw, 1024px\" \/><\/a><p id=\"caption-attachment-7570\" class=\"wp-caption-text\">Kunstsammlung in Museen. Werke von Thomas Peter Kausel sind in obigen Museen und \u00f6ffentlichen Sammlungen zu finden.<\/p><\/div>\n<p>&nbsp;<\/p>\n<p>&nbsp;<\/p>\n<p>&nbsp;<\/p>\n<p>&nbsp;<\/p>\n<div id=\"attachment_7565\" style=\"width: 1034px\" class=\"wp-caption aligncenter\"><a href=\"http:\/\/www.kausel.de\/wordpress\/wp-content\/uploads\/2023\/02\/public-collections-scaled.jpg\" data-rel=\"lightbox-image-27\" data-rl_title=\"\" data-rl_caption=\"\" title=\"\"><img aria-describedby=\"caption-attachment-7565\" decoding=\"async\" loading=\"lazy\" class=\"wp-image-7565 size-large\" src=\"http:\/\/www.kausel.de\/wordpress\/wp-content\/uploads\/2023\/02\/public-collections-1024x1024.jpg\" alt=\"Public collections von Thomas Peter Kausel\" width=\"1024\" height=\"1024\" srcset=\"http:\/\/www.kausel.de\/wordpress\/wp-content\/uploads\/2023\/02\/public-collections-1024x1024.jpg 1024w, http:\/\/www.kausel.de\/wordpress\/wp-content\/uploads\/2023\/02\/public-collections-300x300.jpg 300w, http:\/\/www.kausel.de\/wordpress\/wp-content\/uploads\/2023\/02\/public-collections-150x150.jpg 150w, http:\/\/www.kausel.de\/wordpress\/wp-content\/uploads\/2023\/02\/public-collections-768x768.jpg 768w, http:\/\/www.kausel.de\/wordpress\/wp-content\/uploads\/2023\/02\/public-collections-1536x1536.jpg 1536w, http:\/\/www.kausel.de\/wordpress\/wp-content\/uploads\/2023\/02\/public-collections-2048x2048.jpg 2048w\" sizes=\"(max-width: 1024px) 100vw, 1024px\" \/><\/a><p id=\"caption-attachment-7565\" class=\"wp-caption-text\">Werke von Thomas Peter Kausel sind in obigen Museen und \u00f6ffentlichen Sammlungen zu finden. \u00dcber 150 Arbeiten von Thomas Peter Kausel befinden sich in \u00f6ffentlichen Sammlungen und Museen.<\/p><\/div>\n<p>&nbsp;<\/p>\n<p>&nbsp;<\/p>\n<div id=\"attachment_7603\" style=\"width: 590px\" class=\"wp-caption aligncenter\"><a href=\"http:\/\/www.kausel.de\/wordpress\/wp-content\/uploads\/2023\/02\/Museum-fuer-konkrete-Kunst-Ingolstadt-Thoams-Peter-Kausel-Ausstellung-Kopie-2-scaled.jpg\" data-rel=\"lightbox-image-28\" data-rl_title=\"Konkrete Kunst auf Leinwand und Holz\" data-rl_caption=\"\" title=\"Konkrete Kunst auf Leinwand und Holz\"><img aria-describedby=\"caption-attachment-7603\" decoding=\"async\" loading=\"lazy\" class=\"wp-image-7603 size-large\" src=\"http:\/\/www.kausel.de\/wordpress\/wp-content\/uploads\/2023\/02\/Museum-fuer-konkrete-Kunst-Ingolstadt-Thoams-Peter-Kausel-Ausstellung-Kopie-2-1024x1024.jpg\" alt=\"Museum f\u00fcr konkrete Kunst Ingolstadt\" width=\"580\" height=\"580\" srcset=\"http:\/\/www.kausel.de\/wordpress\/wp-content\/uploads\/2023\/02\/Museum-fuer-konkrete-Kunst-Ingolstadt-Thoams-Peter-Kausel-Ausstellung-Kopie-2-1024x1024.jpg 1024w, http:\/\/www.kausel.de\/wordpress\/wp-content\/uploads\/2023\/02\/Museum-fuer-konkrete-Kunst-Ingolstadt-Thoams-Peter-Kausel-Ausstellung-Kopie-2-300x300.jpg 300w, http:\/\/www.kausel.de\/wordpress\/wp-content\/uploads\/2023\/02\/Museum-fuer-konkrete-Kunst-Ingolstadt-Thoams-Peter-Kausel-Ausstellung-Kopie-2-150x150.jpg 150w, http:\/\/www.kausel.de\/wordpress\/wp-content\/uploads\/2023\/02\/Museum-fuer-konkrete-Kunst-Ingolstadt-Thoams-Peter-Kausel-Ausstellung-Kopie-2-768x768.jpg 768w, http:\/\/www.kausel.de\/wordpress\/wp-content\/uploads\/2023\/02\/Museum-fuer-konkrete-Kunst-Ingolstadt-Thoams-Peter-Kausel-Ausstellung-Kopie-2-1536x1536.jpg 1536w, http:\/\/www.kausel.de\/wordpress\/wp-content\/uploads\/2023\/02\/Museum-fuer-konkrete-Kunst-Ingolstadt-Thoams-Peter-Kausel-Ausstellung-Kopie-2-2048x2048.jpg 2048w\" sizes=\"(max-width: 580px) 100vw, 580px\" \/><\/a><p id=\"caption-attachment-7603\" class=\"wp-caption-text\">Kunstausstellung mit Werken von Thomas Peter Kausel . Szenenwechsel &#8222;Farbe&#8220;. Museum f\u00fcr konkrete Kunst Ingolstadt.<\/p><\/div>\n<p>&nbsp;<\/p>\n<p>&nbsp;<\/p>\n<div id=\"attachment_7605\" style=\"width: 590px\" class=\"wp-caption aligncenter\"><a href=\"http:\/\/www.kausel.de\/wordpress\/wp-content\/uploads\/2023\/02\/museum-fuer-konkrete-kunst-ingolstadt-Ausstellungsaufbau-2.jpg\" data-rel=\"lightbox-image-29\" data-rl_title=\"Werke auf Holz und Leinwand\" data-rl_caption=\"\" title=\"Werke auf Holz und Leinwand\"><img aria-describedby=\"caption-attachment-7605\" decoding=\"async\" loading=\"lazy\" class=\"wp-image-7605 size-large\" src=\"http:\/\/www.kausel.de\/wordpress\/wp-content\/uploads\/2023\/02\/museum-fuer-konkrete-kunst-ingolstadt-Ausstellungsaufbau-2-1024x1024.jpg\" alt=\"Museum f\u00fcr konkrete Kunst. Ausstellungsaufbau \" width=\"580\" height=\"580\" srcset=\"http:\/\/www.kausel.de\/wordpress\/wp-content\/uploads\/2023\/02\/museum-fuer-konkrete-kunst-ingolstadt-Ausstellungsaufbau-2-1024x1024.jpg 1024w, http:\/\/www.kausel.de\/wordpress\/wp-content\/uploads\/2023\/02\/museum-fuer-konkrete-kunst-ingolstadt-Ausstellungsaufbau-2-300x300.jpg 300w, http:\/\/www.kausel.de\/wordpress\/wp-content\/uploads\/2023\/02\/museum-fuer-konkrete-kunst-ingolstadt-Ausstellungsaufbau-2-150x150.jpg 150w, http:\/\/www.kausel.de\/wordpress\/wp-content\/uploads\/2023\/02\/museum-fuer-konkrete-kunst-ingolstadt-Ausstellungsaufbau-2-768x768.jpg 768w, http:\/\/www.kausel.de\/wordpress\/wp-content\/uploads\/2023\/02\/museum-fuer-konkrete-kunst-ingolstadt-Ausstellungsaufbau-2-1536x1536.jpg 1536w, http:\/\/www.kausel.de\/wordpress\/wp-content\/uploads\/2023\/02\/museum-fuer-konkrete-kunst-ingolstadt-Ausstellungsaufbau-2-2048x2048.jpg 2048w\" sizes=\"(max-width: 580px) 100vw, 580px\" \/><\/a><p id=\"caption-attachment-7605\" class=\"wp-caption-text\">Museum f\u00fcr konkrete Kunst Ingolstadt. Thomas Peter Kausel zeigt die Ausstellungsvorbereitung, Aufbau der Ausstellung, Vernissage, Katalogherstellung.<\/p><\/div>\n<p>&nbsp;<\/p>\n<p>&nbsp;<\/p>\n<p><strong>Geordnete Farben<\/strong><\/p>\n<p>Das k\u00fcnstlerische Programm Thomas Kausels lie\u00dfe sich beschreiben als unbedingte R\u00fcckf\u00fchrung von Malerei auf die reine, unverf\u00e4lschte Farbe. Sein theoretisch motivierter Ansatz thematisiert weniger die Ausdruckswerte von Farbe als vielmehr deren materielle Substanz und ihre Ordnungsprinzipien. Die wissenschaftliche Akribie, mit der Kausel dieses Programm verfolgt, erinnert an die im 20. Jahrhundert fortw\u00e4hrend formulierte Sehnsucht nach einer radikalen Versachlichung von Kunst, die insbesondere die konkrete Kunst pr\u00e4gt. Letztlich jedoch verweist die freie malerische Behandlung objektivierter Gestaltungsmittel auf die k\u00fcnstlerischen Qualit\u00e4ten einer Malerei, die sich ihrer vollst\u00e4ndigen Versachlichung entzieht.<\/p>\n<p>&nbsp;<\/p>\n<p>Mit dem seit 1925 publizierten Colour Index (C.I.) verf\u00fcgt Kausel \u00fcber ein Instrumentarium, das die weltweit rund 600 verf\u00fcgbaren Farbpigmente, von denen knapp 200 aufgrund ihrer hohen Lichtechtheit f\u00fcr die Malerei besonders geeignet sind, klassifiziert und mit einem international verbindlichen Code aus Buchstaben und Ziffern belegt. Anders als in physikalischen Ordnungssystemen wie etwa Newtons Farbkreis werden die Farben hier nicht nach der Wellenl\u00e4nge des reflektierten Lichts und damit nach ihrer Erscheinung gruppiert, sondern auf der Grundlage der molekularen Struktur ihrer Pigmente. So geh\u00f6ren auch solche Pigmente, die nach unseren herk\u00f6mmlichen Vorstellungen keinesfalls als verwandt betrachtet werden, dennoch der gleichen chemischen Gruppe an. Thomas Kausel verwendet f\u00fcr seine Werke ausschlie\u00dflich ungemischte Farben, die mit den im C.I. aufgef\u00fchrten Pigmenten hergestellt werden.<\/p>\n<p>&nbsp;<\/p>\n<p>Seine Installation 6 rote Stelen besteht aus sechs Holzbalken, deren Fassungen ebenso viele verschiedene reine Rotpigmente gleichsam im Raum materialisieren.<\/p>\n<p>&nbsp;<\/p>\n<div id=\"attachment_7355\" style=\"width: 1034px\" class=\"wp-caption aligncenter\"><a href=\"http:\/\/www.kausel.de\/wordpress\/wp-content\/uploads\/2023\/02\/Museum-fuer-konkrete-kunst-Ausstellung--scaled.jpg\" data-rel=\"lightbox-image-30\" data-rl_title=\"Malerei auf Holz\" data-rl_caption=\"\" title=\"Malerei auf Holz\"><img aria-describedby=\"caption-attachment-7355\" decoding=\"async\" loading=\"lazy\" class=\"wp-image-7355 size-large\" src=\"http:\/\/www.kausel.de\/wordpress\/wp-content\/uploads\/2023\/02\/Museum-fuer-konkrete-kunst-Ausstellung--1024x602.jpg\" alt=\"Malerei mit reinen, ungemischten Pigmenen nach Color Index\" width=\"1024\" height=\"602\" srcset=\"http:\/\/www.kausel.de\/wordpress\/wp-content\/uploads\/2023\/02\/Museum-fuer-konkrete-kunst-Ausstellung--1024x602.jpg 1024w, http:\/\/www.kausel.de\/wordpress\/wp-content\/uploads\/2023\/02\/Museum-fuer-konkrete-kunst-Ausstellung--300x176.jpg 300w, http:\/\/www.kausel.de\/wordpress\/wp-content\/uploads\/2023\/02\/Museum-fuer-konkrete-kunst-Ausstellung--768x452.jpg 768w, http:\/\/www.kausel.de\/wordpress\/wp-content\/uploads\/2023\/02\/Museum-fuer-konkrete-kunst-Ausstellung--1536x903.jpg 1536w, http:\/\/www.kausel.de\/wordpress\/wp-content\/uploads\/2023\/02\/Museum-fuer-konkrete-kunst-Ausstellung--2048x1204.jpg 2048w\" sizes=\"(max-width: 1024px) 100vw, 1024px\" \/><\/a><p id=\"caption-attachment-7355\" class=\"wp-caption-text\">Installation 6 rote Stelen mit verschiedenen roten Pigmenten.<\/p><\/div>\n<p>&nbsp;<\/p>\n<p>Auch die zweiteiligen Leinwandarbeiten wie Blau B 60 (Anthrachinon) und die drei anderen organischen Blaus vereinen jeweils nur Farben einer Gruppe. Dabei geht Kausel von einem frei gew\u00e4hlten Pigment aus, das er zum einen als monochromes Bild pr\u00e4sentiert und zum anderen mit weiteren Farben zu einer geometrischen Komposition zusammenf\u00fcgt. Da die Chemische Klassifizierung keinesfalls durchg\u00e4ngig unserem Farbempfinden entspricht, erscheinen viele dieser Zusammenstellungen \u00fcberraschend und bisweilen sogar gewagt. So bricht Kausel, dessen Werk in der aufkl\u00e4rerischen Tradition des Schaffens von Josef Albers steht, unser \u00fcbliches Denken in altbew\u00e4hrten Farbschemata und Harmonien auf und erzwingt einen neuen Blick auf ein scheinbar bekanntes Ph\u00e4nomen.<\/p>\n<div id=\"attachment_7346\" style=\"width: 590px\" class=\"wp-caption aligncenter\"><a href=\"http:\/\/www.kausel.de\/wordpress\/wp-content\/uploads\/2023\/02\/IMG_1536.jpg\" data-rel=\"lightbox-image-31\" data-rl_title=\"Canvas with oil\" data-rl_caption=\"\" title=\"Canvas with oil\"><img aria-describedby=\"caption-attachment-7346\" decoding=\"async\" loading=\"lazy\" class=\"wp-image-7346 size-large\" src=\"http:\/\/www.kausel.de\/wordpress\/wp-content\/uploads\/2023\/02\/IMG_1536-1024x623.jpg\" alt=\"konkrete kunst\" width=\"580\" height=\"353\" srcset=\"http:\/\/www.kausel.de\/wordpress\/wp-content\/uploads\/2023\/02\/IMG_1536-1024x623.jpg 1024w, http:\/\/www.kausel.de\/wordpress\/wp-content\/uploads\/2023\/02\/IMG_1536-300x183.jpg 300w, http:\/\/www.kausel.de\/wordpress\/wp-content\/uploads\/2023\/02\/IMG_1536-768x467.jpg 768w, http:\/\/www.kausel.de\/wordpress\/wp-content\/uploads\/2023\/02\/IMG_1536-1536x935.jpg 1536w, http:\/\/www.kausel.de\/wordpress\/wp-content\/uploads\/2023\/02\/IMG_1536-2048x1246.jpg 2048w\" sizes=\"(max-width: 580px) 100vw, 580px\" \/><\/a><p id=\"caption-attachment-7346\" class=\"wp-caption-text\">konkrete kunst. Geordnete Farben.<\/p><\/div>\n<p>Durch die Verwendung eines standardisierten Ordnungssystems als Grundlage seines Verfahrens verleiht Kausel seinen Arbeiten eine wissenschaftliche Fundierung, die in der Bildgestalt aber nicht letzter Konsequenz aufscheint. Denn der C.I. legt jeweils nur den Bereich fest, dem die verwendeten Farben entnommen werden. Die letztendliche Auswahl trifft in einer freien und intuitiven Entscheidung der K\u00fcnstler, der sich dabei von seinen bildnerischen Vorstellungen und gestalterischen Prinzipien leiten l\u00e4sst. Auch die Anordnungen der Fl\u00e4chen sowie die unterschiedlichen Arten des Farbauftrags folgen nicht einem festgelegten Schema und zeigen damit keine objektivierte Formensprache. W\u00e4hrend einige Fl\u00e4chen von einer nahezu unpers\u00f6nlichen Gl\u00e4tte sind, werden andere als dynamische gestische Malerei gestaltet oder erhalten durch die Verwendung von K\u00e4mmen eine kr\u00e4ftige, die Materialit\u00e4t der Farbe betonende, Struktur.<\/p>\n<div id=\"attachment_7352\" style=\"width: 590px\" class=\"wp-caption aligncenter\"><a href=\"http:\/\/www.kausel.de\/wordpress\/wp-content\/uploads\/2023\/02\/konkrete-kunst-mit-reinen-ungemischten-Pigmenten-scaled.jpg\" data-rel=\"lightbox-image-32\" data-rl_title=\"\" data-rl_caption=\"\" title=\"\"><img aria-describedby=\"caption-attachment-7352\" decoding=\"async\" loading=\"lazy\" class=\"wp-image-7352 size-large\" src=\"http:\/\/www.kausel.de\/wordpress\/wp-content\/uploads\/2023\/02\/konkrete-kunst-mit-reinen-ungemischten-Pigmenten-1024x680.jpg\" alt=\"Museum f\u00fcr konkrete kunst Ingolstadt\" width=\"580\" height=\"385\" srcset=\"http:\/\/www.kausel.de\/wordpress\/wp-content\/uploads\/2023\/02\/konkrete-kunst-mit-reinen-ungemischten-Pigmenten-1024x680.jpg 1024w, http:\/\/www.kausel.de\/wordpress\/wp-content\/uploads\/2023\/02\/konkrete-kunst-mit-reinen-ungemischten-Pigmenten-300x199.jpg 300w, http:\/\/www.kausel.de\/wordpress\/wp-content\/uploads\/2023\/02\/konkrete-kunst-mit-reinen-ungemischten-Pigmenten-768x510.jpg 768w, http:\/\/www.kausel.de\/wordpress\/wp-content\/uploads\/2023\/02\/konkrete-kunst-mit-reinen-ungemischten-Pigmenten-1536x1021.jpg 1536w, http:\/\/www.kausel.de\/wordpress\/wp-content\/uploads\/2023\/02\/konkrete-kunst-mit-reinen-ungemischten-Pigmenten-2048x1361.jpg 2048w\" sizes=\"(max-width: 580px) 100vw, 580px\" \/><\/a><p id=\"caption-attachment-7352\" class=\"wp-caption-text\">Konkrete Kunst mit reinen, ungemischten Pigmenten.<\/p><\/div>\n<p>Weitere Qualit\u00e4ten der aufgetragenen Farben werden durch ihre unterschiedliche Dichte sichtbar, die aus der Zahl der \u00fcbereinandergelegten Farbschichten resultiert. So kann beispielsweise dasselbe Blau auf zwei zusammengeh\u00f6rigen Tafeln in unterschiedlicher Helligkeit erscheinen. Diese gestalterischen Strategien, die den wiederholt formulierten Idealen der Konkreten Kunst von absoluter Klarheit und Gesetzm\u00e4\u00dfigkeit entgegenwirken, werden durch die Anbringung der jeweiligen chemischen Codes auf einzelnen Farbfeldern unterst\u00fctzt. Denn indem Kausel wiederholt Buchstaben verdreht und nicht alle Fl\u00e4chen bezeichnet, verweigert er diesen Beschriftungen, trotz ihrer sachlichen Erscheinung, die Funktion eines neutralen Instruments im Sinne einer wissenschaftlichen Codierung des Gesehenen.<\/p>\n<p>Kausels malerisches Werk erscheint wie eine wissenschaftliche Versuchsreihe, die nach und nach alle Pigmente des C.I. und damit grundlegende Bedingungen von Malerei systematisch untersucht. Doch ist f\u00fcr Kausel immer das Spannungsverh\u00e4ltnis zwischen den objektivierbaren Gegebenheiten des Bildes, also den Farbverteilungen, und dem fertigen Gem\u00e4lde als k\u00fcnstlerischer Hervorbringung von entscheidender Bedeutung. So stellt er zwar mit \u201eWird Malerei \u00fcberfl\u00fcssig?\u201c eine grundlegende Frage nach der Rolle der Malerei, die er jedoch mit seinem malerischen Werk unmissverst\u00e4ndlich verneint.<\/p>\n<div id=\"attachment_7349\" style=\"width: 310px\" class=\"wp-caption aligncenter\"><a href=\"http:\/\/www.kausel.de\/wordpress\/wp-content\/uploads\/2023\/02\/IMG_1540-scaled.jpg\" data-rel=\"lightbox-image-33\" data-rl_title=\"painting on canvas\" data-rl_caption=\"\" title=\"painting on canvas\"><img aria-describedby=\"caption-attachment-7349\" decoding=\"async\" loading=\"lazy\" class=\"wp-image-7349 size-medium\" src=\"http:\/\/www.kausel.de\/wordpress\/wp-content\/uploads\/2023\/02\/IMG_1540-300x179.jpg\" alt=\"konkrete kunst\" width=\"300\" height=\"179\" srcset=\"http:\/\/www.kausel.de\/wordpress\/wp-content\/uploads\/2023\/02\/IMG_1540-300x179.jpg 300w, http:\/\/www.kausel.de\/wordpress\/wp-content\/uploads\/2023\/02\/IMG_1540-1024x612.jpg 1024w, http:\/\/www.kausel.de\/wordpress\/wp-content\/uploads\/2023\/02\/IMG_1540-768x459.jpg 768w, http:\/\/www.kausel.de\/wordpress\/wp-content\/uploads\/2023\/02\/IMG_1540-1536x918.jpg 1536w, http:\/\/www.kausel.de\/wordpress\/wp-content\/uploads\/2023\/02\/IMG_1540-2048x1224.jpg 2048w\" sizes=\"(max-width: 300px) 100vw, 300px\" \/><\/a><p id=\"caption-attachment-7349\" class=\"wp-caption-text\">konkrete kunst, ohne Farbe.<\/p><\/div>\n<p>Das Diptychon zeigt mit Trennlinien und den chemischen Bezeichnungen die genauen Fl\u00e4chen und Farbverteilungen von Blau B 60 (Anthrachinon) und die drei anderen organischen Blaus an. Einer Partitur gleich enth\u00e4lt es alle eindeutigen Faktoren, die f\u00fcr die Herstellung dieser Bilder notwendig sind. Anders aber als in anderen Arbeiten, die die allgemeine Bezeichnung einer Farbe ihrer malerischen Ausgestaltung gegen\u00fcberstellt und dadurch die universelle Bedeutung des sprachlichen Ausdrucks hervorhebt, offenbaren sich der Gegen\u00fcberstellung bei Kausel die spezifischen \u00e4sthetischen, emotionalen und \u2013 auch diese Deutung steht dem Betrachter offen \u2013 symbolischen Qualit\u00e4ten, die das ausgef\u00fchrte Gem\u00e4lde als Kunstwerk \u00fcber seine reine Struktur und chemisch erfassbare Substanz erheben. Doch ist f\u00fcr Kausel die handwerkliche Arbeit des ausf\u00fchrenden K\u00fcnstlers entscheidend f\u00fcr die Wirkung seiner malerischen Et\u00fcden, die zwar aus rational bestimmbaren Elementen bestehen, gleichwohl aber nicht-rationale, \u00e4sthetische Erfahren erlauben.<br \/>\nText: Rasmus Kleine. Tobias Hoffmann Museumsleiter. Museum f\u00fcr konkrete Kunst Ingolstadt.<\/p>\n<p>&nbsp;<\/p>\n<p>&nbsp;<\/p>\n<div id=\"attachment_7362\" style=\"width: 590px\" class=\"wp-caption aligncenter\"><a href=\"http:\/\/www.kausel.de\/wordpress\/wp-content\/uploads\/2023\/02\/Interaction-of-color-Nr.-1-21.11.2022-3-Kopie-2-scaled.jpg\" data-rel=\"lightbox-image-34\" data-rl_title=\"Oil on Canvas\" data-rl_caption=\"\" title=\"Oil on Canvas\"><img aria-describedby=\"caption-attachment-7362\" decoding=\"async\" loading=\"lazy\" class=\"wp-image-7362 size-large\" src=\"http:\/\/www.kausel.de\/wordpress\/wp-content\/uploads\/2023\/02\/Interaction-of-color-Nr.-1-21.11.2022-3-Kopie-2-1024x680.jpg\" alt=\"Die Wechselwirkungen der Farbe\" width=\"580\" height=\"385\" srcset=\"http:\/\/www.kausel.de\/wordpress\/wp-content\/uploads\/2023\/02\/Interaction-of-color-Nr.-1-21.11.2022-3-Kopie-2-1024x680.jpg 1024w, http:\/\/www.kausel.de\/wordpress\/wp-content\/uploads\/2023\/02\/Interaction-of-color-Nr.-1-21.11.2022-3-Kopie-2-300x199.jpg 300w, http:\/\/www.kausel.de\/wordpress\/wp-content\/uploads\/2023\/02\/Interaction-of-color-Nr.-1-21.11.2022-3-Kopie-2-768x510.jpg 768w, http:\/\/www.kausel.de\/wordpress\/wp-content\/uploads\/2023\/02\/Interaction-of-color-Nr.-1-21.11.2022-3-Kopie-2-1536x1021.jpg 1536w, http:\/\/www.kausel.de\/wordpress\/wp-content\/uploads\/2023\/02\/Interaction-of-color-Nr.-1-21.11.2022-3-Kopie-2-2048x1361.jpg 2048w\" sizes=\"(max-width: 580px) 100vw, 580px\" \/><\/a><p id=\"caption-attachment-7362\" class=\"wp-caption-text\">Die Wechselwirkungen der Farbe. Inspiration durch die Ausstellung Josef Albers, Museum Quadrat Bottrop.<\/p><\/div>\n<p>Josef Albers &#8211; die Wechselwirkung der Farben. Albers experimentierte mit Farben, Formen, Linien, Fl\u00e4chen und ihren Wechselwirkungen auf die kognitive wie subjektive, visuelle Wahrnehmung. \u00a0\u201eNur der Schein tr\u00fcgt nicht\u201c. Er hatte wie Piet Mondrian gro\u00dfen Einfluss auf die Entwicklung der amerikanischen Malerei. \u00a0Sein Werk z\u00e4hlt zu der konkreten Kunst. Mit dieser Serie dokumentiert Kausel seine Untersuchungen \u00fcber das Zusammenwirken der Farben\u00a0 \/ &#8222;interaction of color&#8220;, \u00a0von mehreren aneinandergef\u00fcgten, ungemischt auf den Bildtr\u00e4ger gespachtelten, quadratischen oder rechteckigen Farbfl\u00e4chen, deren Pigmente nicht physikalisch \u2013 nach Farbt\u00f6nen \u2013 ausgew\u00e4hlt wurden, sondern nach der <strong>chemischen <\/strong>Zusammengeh\u00f6rigkeit. Auch hier wird verdeutlicht, dass ein Betrachter Farben f\u00fcr sich und miteinander je nach Umgebung v\u00f6llig unterschiedlich wahrnimmt.<\/p>\n<p>&nbsp;<\/p>\n<div id=\"attachment_7649\" style=\"width: 590px\" class=\"wp-caption aligncenter\"><a href=\"http:\/\/www.kausel.de\/wordpress\/wp-content\/uploads\/2023\/02\/KunstausstellungenVeernissage-Thomas-Peter-Kausel-Kopie-scaled.jpg\" data-rel=\"lightbox-image-35\" data-rl_title=\"Malerei auf Leinwand und Holz\" data-rl_caption=\"\" title=\"Malerei auf Leinwand und Holz\"><img aria-describedby=\"caption-attachment-7649\" decoding=\"async\" loading=\"lazy\" class=\"wp-image-7649 size-large\" src=\"http:\/\/www.kausel.de\/wordpress\/wp-content\/uploads\/2023\/02\/KunstausstellungenVeernissage-Thomas-Peter-Kausel-Kopie-1024x1024.jpg\" alt=\"kunstausstellung Goethe Institur Budapest, Goethe Institut Helsinki\" width=\"580\" height=\"580\" srcset=\"http:\/\/www.kausel.de\/wordpress\/wp-content\/uploads\/2023\/02\/KunstausstellungenVeernissage-Thomas-Peter-Kausel-Kopie-1024x1024.jpg 1024w, http:\/\/www.kausel.de\/wordpress\/wp-content\/uploads\/2023\/02\/KunstausstellungenVeernissage-Thomas-Peter-Kausel-Kopie-300x300.jpg 300w, http:\/\/www.kausel.de\/wordpress\/wp-content\/uploads\/2023\/02\/KunstausstellungenVeernissage-Thomas-Peter-Kausel-Kopie-150x150.jpg 150w, http:\/\/www.kausel.de\/wordpress\/wp-content\/uploads\/2023\/02\/KunstausstellungenVeernissage-Thomas-Peter-Kausel-Kopie-768x768.jpg 768w, http:\/\/www.kausel.de\/wordpress\/wp-content\/uploads\/2023\/02\/KunstausstellungenVeernissage-Thomas-Peter-Kausel-Kopie-1536x1536.jpg 1536w, http:\/\/www.kausel.de\/wordpress\/wp-content\/uploads\/2023\/02\/KunstausstellungenVeernissage-Thomas-Peter-Kausel-Kopie-2048x2048.jpg 2048w\" sizes=\"(max-width: 580px) 100vw, 580px\" \/><\/a><p id=\"caption-attachment-7649\" class=\"wp-caption-text\">konkrete Kunst, Kunstausstellungen: K\u00fcnstlerhaus Graz, Graphothek Berlin Reinickendorf, St\u00e4dtische Galerie Flottmann Hallen Herne, Goethe Institut Budapest<\/p><\/div>\n<p>&nbsp;<\/p>\n<p>&nbsp;<\/p>\n<div id=\"attachment_7448\" style=\"width: 590px\" class=\"wp-caption aligncenter\"><a href=\"http:\/\/www.kausel.de\/wordpress\/wp-content\/uploads\/2023\/02\/Kommunale-Galerie-Berlin-Kunstsammlung-und-Kunstausstellung.jpg\" data-rel=\"lightbox-image-36\" data-rl_title=\"\" data-rl_caption=\"\" title=\"\"><img aria-describedby=\"caption-attachment-7448\" decoding=\"async\" loading=\"lazy\" class=\"wp-image-7448 size-large\" src=\"http:\/\/www.kausel.de\/wordpress\/wp-content\/uploads\/2023\/02\/Kommunale-Galerie-Berlin-Kunstsammlung-und-Kunstausstellung-1024x1024.jpg\" alt=\"Kommunale Galerie Berlin\" width=\"580\" height=\"580\" srcset=\"http:\/\/www.kausel.de\/wordpress\/wp-content\/uploads\/2023\/02\/Kommunale-Galerie-Berlin-Kunstsammlung-und-Kunstausstellung-1024x1024.jpg 1024w, http:\/\/www.kausel.de\/wordpress\/wp-content\/uploads\/2023\/02\/Kommunale-Galerie-Berlin-Kunstsammlung-und-Kunstausstellung-300x300.jpg 300w, http:\/\/www.kausel.de\/wordpress\/wp-content\/uploads\/2023\/02\/Kommunale-Galerie-Berlin-Kunstsammlung-und-Kunstausstellung-150x150.jpg 150w, http:\/\/www.kausel.de\/wordpress\/wp-content\/uploads\/2023\/02\/Kommunale-Galerie-Berlin-Kunstsammlung-und-Kunstausstellung-768x768.jpg 768w, http:\/\/www.kausel.de\/wordpress\/wp-content\/uploads\/2023\/02\/Kommunale-Galerie-Berlin-Kunstsammlung-und-Kunstausstellung.jpg 1380w\" sizes=\"(max-width: 580px) 100vw, 580px\" \/><\/a><p id=\"caption-attachment-7448\" class=\"wp-caption-text\">Dauerausstellung 2023 Kommunale Galerie Berlin. Kunstsammlung der Galerie mit Werken von Thomas Peter Kausel<\/p><\/div>\n<p>&nbsp;<\/p>\n<div id=\"attachment_7632\" style=\"width: 590px\" class=\"wp-caption aligncenter\"><a href=\"http:\/\/www.kausel.de\/wordpress\/wp-content\/uploads\/2023\/02\/Flotmann-Hallen-der-Stadt-Herne-Kunstausstellung-scaled.jpg\" data-rel=\"lightbox-image-37\" data-rl_title=\"Myleerei auf runden Tellern auf Holz\" data-rl_caption=\"\" title=\"Myleerei auf runden Tellern auf Holz\"><img aria-describedby=\"caption-attachment-7632\" decoding=\"async\" loading=\"lazy\" class=\"wp-image-7632 size-large\" src=\"http:\/\/www.kausel.de\/wordpress\/wp-content\/uploads\/2023\/02\/Flotmann-Hallen-der-Stadt-Herne-Kunstausstellung-1024x1024.jpg\" alt=\"Ausstellung Flottmann Hallen herne\" width=\"580\" height=\"580\" srcset=\"http:\/\/www.kausel.de\/wordpress\/wp-content\/uploads\/2023\/02\/Flotmann-Hallen-der-Stadt-Herne-Kunstausstellung-1024x1024.jpg 1024w, http:\/\/www.kausel.de\/wordpress\/wp-content\/uploads\/2023\/02\/Flotmann-Hallen-der-Stadt-Herne-Kunstausstellung-300x300.jpg 300w, http:\/\/www.kausel.de\/wordpress\/wp-content\/uploads\/2023\/02\/Flotmann-Hallen-der-Stadt-Herne-Kunstausstellung-150x150.jpg 150w, http:\/\/www.kausel.de\/wordpress\/wp-content\/uploads\/2023\/02\/Flotmann-Hallen-der-Stadt-Herne-Kunstausstellung-768x768.jpg 768w, http:\/\/www.kausel.de\/wordpress\/wp-content\/uploads\/2023\/02\/Flotmann-Hallen-der-Stadt-Herne-Kunstausstellung-1536x1536.jpg 1536w, http:\/\/www.kausel.de\/wordpress\/wp-content\/uploads\/2023\/02\/Flotmann-Hallen-der-Stadt-Herne-Kunstausstellung-2048x2048.jpg 2048w\" sizes=\"(max-width: 580px) 100vw, 580px\" \/><\/a><p id=\"caption-attachment-7632\" class=\"wp-caption-text\">Ausstellung Flottmann Hallen der Stadt Herne. Durchmesser ca. 40 cm. Malerei auf Holz.<\/p><\/div>\n<p>&nbsp;<\/p>\n<p>&nbsp;<\/p>\n<div id=\"attachment_7464\" style=\"width: 590px\" class=\"wp-caption aligncenter\"><a href=\"http:\/\/www.kausel.de\/wordpress\/wp-content\/uploads\/2023\/02\/Bild008_Neg.Nr_.8A-2.jpg\" data-rel=\"lightbox-image-38\" data-rl_title=\"\" data-rl_caption=\"\" title=\"\"><img aria-describedby=\"caption-attachment-7464\" decoding=\"async\" loading=\"lazy\" class=\"wp-image-7464 size-large\" src=\"http:\/\/www.kausel.de\/wordpress\/wp-content\/uploads\/2023\/02\/Bild008_Neg.Nr_.8A-2-1024x683.jpg\" alt=\"\" width=\"580\" height=\"387\" srcset=\"http:\/\/www.kausel.de\/wordpress\/wp-content\/uploads\/2023\/02\/Bild008_Neg.Nr_.8A-2-1024x683.jpg 1024w, http:\/\/www.kausel.de\/wordpress\/wp-content\/uploads\/2023\/02\/Bild008_Neg.Nr_.8A-2-300x200.jpg 300w, http:\/\/www.kausel.de\/wordpress\/wp-content\/uploads\/2023\/02\/Bild008_Neg.Nr_.8A-2-768x512.jpg 768w, http:\/\/www.kausel.de\/wordpress\/wp-content\/uploads\/2023\/02\/Bild008_Neg.Nr_.8A-2-1536x1024.jpg 1536w, http:\/\/www.kausel.de\/wordpress\/wp-content\/uploads\/2023\/02\/Bild008_Neg.Nr_.8A-2-2048x1365.jpg 2048w\" sizes=\"(max-width: 580px) 100vw, 580px\" \/><\/a><p id=\"caption-attachment-7464\" class=\"wp-caption-text\">St\u00e4dtische Galerie Filderstadt. Ausstellung<\/p><\/div>\n<p>&nbsp;<\/p>\n<p>&nbsp;<\/p>\n<div id=\"attachment_7452\" style=\"width: 590px\" class=\"wp-caption aligncenter\"><a href=\"http:\/\/www.kausel.de\/wordpress\/wp-content\/uploads\/2023\/02\/konkrete-kunst-contemporary-art-1-scaled.jpg\" data-rel=\"lightbox-image-39\" data-rl_title=\"\" data-rl_caption=\"\" title=\"\"><img aria-describedby=\"caption-attachment-7452\" decoding=\"async\" loading=\"lazy\" class=\"wp-image-7452 size-large\" src=\"http:\/\/www.kausel.de\/wordpress\/wp-content\/uploads\/2023\/02\/konkrete-kunst-contemporary-art-1-1024x680.jpg\" alt=\"\" width=\"580\" height=\"385\" srcset=\"http:\/\/www.kausel.de\/wordpress\/wp-content\/uploads\/2023\/02\/konkrete-kunst-contemporary-art-1-1024x680.jpg 1024w, http:\/\/www.kausel.de\/wordpress\/wp-content\/uploads\/2023\/02\/konkrete-kunst-contemporary-art-1-300x199.jpg 300w, http:\/\/www.kausel.de\/wordpress\/wp-content\/uploads\/2023\/02\/konkrete-kunst-contemporary-art-1-768x510.jpg 768w, http:\/\/www.kausel.de\/wordpress\/wp-content\/uploads\/2023\/02\/konkrete-kunst-contemporary-art-1-1536x1021.jpg 1536w, http:\/\/www.kausel.de\/wordpress\/wp-content\/uploads\/2023\/02\/konkrete-kunst-contemporary-art-1-2048x1361.jpg 2048w\" sizes=\"(max-width: 580px) 100vw, 580px\" \/><\/a><p id=\"caption-attachment-7452\" class=\"wp-caption-text\">Kunstverein Neckar-Odenwald e.V. &#8222;Was ist das blaueste blau?&#8220;<\/p><\/div>\n<p>&nbsp;<\/p>\n<p>&nbsp;<\/p>\n<p>&nbsp;<\/p>\n<div id=\"attachment_7853\" style=\"width: 590px\" class=\"wp-caption aligncenter\"><a href=\"http:\/\/www.kausel.de\/wordpress\/wp-content\/uploads\/2023\/03\/Goethe-Institut-CasablancaMaroc-scaled.jpg\" data-rel=\"lightbox-image-40\" data-rl_title=\"painting on canvas and paper\" data-rl_caption=\"\" title=\"painting on canvas and paper\"><img aria-describedby=\"caption-attachment-7853\" decoding=\"async\" loading=\"lazy\" class=\"wp-image-7853 size-large\" src=\"http:\/\/www.kausel.de\/wordpress\/wp-content\/uploads\/2023\/03\/Goethe-Institut-CasablancaMaroc-1024x517.jpg\" alt=\"konkrete Kunst im Goethe Institut Casablanca, Maroc\" width=\"580\" height=\"293\" srcset=\"http:\/\/www.kausel.de\/wordpress\/wp-content\/uploads\/2023\/03\/Goethe-Institut-CasablancaMaroc-1024x517.jpg 1024w, http:\/\/www.kausel.de\/wordpress\/wp-content\/uploads\/2023\/03\/Goethe-Institut-CasablancaMaroc-300x151.jpg 300w, http:\/\/www.kausel.de\/wordpress\/wp-content\/uploads\/2023\/03\/Goethe-Institut-CasablancaMaroc-768x388.jpg 768w, http:\/\/www.kausel.de\/wordpress\/wp-content\/uploads\/2023\/03\/Goethe-Institut-CasablancaMaroc-1536x775.jpg 1536w, http:\/\/www.kausel.de\/wordpress\/wp-content\/uploads\/2023\/03\/Goethe-Institut-CasablancaMaroc-2048x1034.jpg 2048w\" sizes=\"(max-width: 580px) 100vw, 580px\" \/><\/a><p id=\"caption-attachment-7853\" class=\"wp-caption-text\">Goethe Institut Casablanca, Maroc. Ausstellung mit Werken von Thomas Peter Kausel.<\/p><\/div>\n<p>&nbsp;<\/p>\n<p>&nbsp;<\/p>\n<p>&nbsp;<\/p>\n<p>&nbsp;<\/p>\n<div id=\"attachment_7450\" style=\"width: 590px\" class=\"wp-caption aligncenter\"><a href=\"http:\/\/www.kausel.de\/wordpress\/wp-content\/uploads\/2023\/02\/seite-12-neu.jpg\" data-rel=\"lightbox-image-41\" data-rl_title=\"\" data-rl_caption=\"\" title=\"\"><img aria-describedby=\"caption-attachment-7450\" decoding=\"async\" loading=\"lazy\" class=\"wp-image-7450 size-large\" src=\"http:\/\/www.kausel.de\/wordpress\/wp-content\/uploads\/2023\/02\/seite-12-neu-1024x682.jpg\" alt=\"\" width=\"580\" height=\"386\" srcset=\"http:\/\/www.kausel.de\/wordpress\/wp-content\/uploads\/2023\/02\/seite-12-neu-1024x682.jpg 1024w, http:\/\/www.kausel.de\/wordpress\/wp-content\/uploads\/2023\/02\/seite-12-neu-300x200.jpg 300w, http:\/\/www.kausel.de\/wordpress\/wp-content\/uploads\/2023\/02\/seite-12-neu-768x512.jpg 768w, http:\/\/www.kausel.de\/wordpress\/wp-content\/uploads\/2023\/02\/seite-12-neu-1536x1024.jpg 1536w, http:\/\/www.kausel.de\/wordpress\/wp-content\/uploads\/2023\/02\/seite-12-neu.jpg 1772w\" sizes=\"(max-width: 580px) 100vw, 580px\" \/><\/a><p id=\"caption-attachment-7450\" class=\"wp-caption-text\">Halle f\u00fcr Kunst, K\u00fcnstlerhaus Graz Ausstellung<\/p><\/div>\n<p>&nbsp;<\/p>\n<p>&nbsp;<\/p>\n<div id=\"attachment_7481\" style=\"width: 590px\" class=\"wp-caption aligncenter\"><a href=\"http:\/\/www.kausel.de\/wordpress\/wp-content\/uploads\/2023\/02\/Staedtische-Galerie-Rathaus-Galerie-Verden-Aller-2-scaled.jpg\" data-rel=\"lightbox-image-42\" data-rl_title=\"\" data-rl_caption=\"\" title=\"\"><img aria-describedby=\"caption-attachment-7481\" decoding=\"async\" loading=\"lazy\" class=\"wp-image-7481 size-large\" src=\"http:\/\/www.kausel.de\/wordpress\/wp-content\/uploads\/2023\/02\/Staedtische-Galerie-Rathaus-Galerie-Verden-Aller-2-1024x709.jpg\" alt=\"\" width=\"580\" height=\"402\" srcset=\"http:\/\/www.kausel.de\/wordpress\/wp-content\/uploads\/2023\/02\/Staedtische-Galerie-Rathaus-Galerie-Verden-Aller-2-1024x709.jpg 1024w, http:\/\/www.kausel.de\/wordpress\/wp-content\/uploads\/2023\/02\/Staedtische-Galerie-Rathaus-Galerie-Verden-Aller-2-300x208.jpg 300w, http:\/\/www.kausel.de\/wordpress\/wp-content\/uploads\/2023\/02\/Staedtische-Galerie-Rathaus-Galerie-Verden-Aller-2-768x532.jpg 768w, http:\/\/www.kausel.de\/wordpress\/wp-content\/uploads\/2023\/02\/Staedtische-Galerie-Rathaus-Galerie-Verden-Aller-2-1536x1064.jpg 1536w, http:\/\/www.kausel.de\/wordpress\/wp-content\/uploads\/2023\/02\/Staedtische-Galerie-Rathaus-Galerie-Verden-Aller-2-2048x1418.jpg 2048w\" sizes=\"(max-width: 580px) 100vw, 580px\" \/><\/a><p id=\"caption-attachment-7481\" class=\"wp-caption-text\">St\u00e4dtische Galerie, Rathaus Galerie Verden\/Aller<\/p><\/div>\n<p>&nbsp;<\/p>\n<p>&nbsp;<\/p>\n<p>&nbsp;<\/p>\n<div id=\"attachment_7455\" style=\"width: 590px\" class=\"wp-caption aligncenter\"><a href=\"http:\/\/www.kausel.de\/wordpress\/wp-content\/uploads\/2023\/02\/Konkrete-Kunst-Staedtische-Galerie-Haus-Seel-Siegen-scaled.jpg\" data-rel=\"lightbox-image-43\" data-rl_title=\"\" data-rl_caption=\"\" title=\"\"><img aria-describedby=\"caption-attachment-7455\" decoding=\"async\" loading=\"lazy\" class=\"wp-image-7455 size-large\" src=\"http:\/\/www.kausel.de\/wordpress\/wp-content\/uploads\/2023\/02\/Konkrete-Kunst-Staedtische-Galerie-Haus-Seel-Siegen-1024x768.jpg\" alt=\"\" width=\"580\" height=\"435\" srcset=\"http:\/\/www.kausel.de\/wordpress\/wp-content\/uploads\/2023\/02\/Konkrete-Kunst-Staedtische-Galerie-Haus-Seel-Siegen-1024x768.jpg 1024w, http:\/\/www.kausel.de\/wordpress\/wp-content\/uploads\/2023\/02\/Konkrete-Kunst-Staedtische-Galerie-Haus-Seel-Siegen-300x225.jpg 300w, http:\/\/www.kausel.de\/wordpress\/wp-content\/uploads\/2023\/02\/Konkrete-Kunst-Staedtische-Galerie-Haus-Seel-Siegen-768x576.jpg 768w, http:\/\/www.kausel.de\/wordpress\/wp-content\/uploads\/2023\/02\/Konkrete-Kunst-Staedtische-Galerie-Haus-Seel-Siegen-1536x1152.jpg 1536w, http:\/\/www.kausel.de\/wordpress\/wp-content\/uploads\/2023\/02\/Konkrete-Kunst-Staedtische-Galerie-Haus-Seel-Siegen-2048x1536.jpg 2048w\" sizes=\"(max-width: 580px) 100vw, 580px\" \/><\/a><p id=\"caption-attachment-7455\" class=\"wp-caption-text\">St\u00e4dtische Galerie Haus Seel Siegen. Ausstellung mit Werken von Thomas Peter Kausel<\/p><\/div>\n<p>&nbsp;<\/p>\n<p>&nbsp;<\/p>\n<p>&nbsp;<\/p>\n<div id=\"attachment_6587\" style=\"width: 590px\" class=\"wp-caption aligncenter\"><a href=\"http:\/\/www.kausel.de\/wordpress\/wp-content\/uploads\/2022\/05\/Sta\u0308dtische-Galerie-Herne-konkrete-kunst--scaled.jpg\" data-rel=\"lightbox-image-44\" data-rl_title=\"\" data-rl_caption=\"\" title=\"\"><img aria-describedby=\"caption-attachment-6587\" decoding=\"async\" loading=\"lazy\" class=\"wp-image-6587 size-large\" src=\"http:\/\/www.kausel.de\/wordpress\/wp-content\/uploads\/2022\/05\/Sta\u0308dtische-Galerie-Herne-konkrete-kunst--1024x1024.jpg\" alt=\"St\u00e4dtische Galerie Herne\" width=\"580\" height=\"580\" srcset=\"http:\/\/www.kausel.de\/wordpress\/wp-content\/uploads\/2022\/05\/Sta\u0308dtische-Galerie-Herne-konkrete-kunst--1024x1024.jpg 1024w, http:\/\/www.kausel.de\/wordpress\/wp-content\/uploads\/2022\/05\/Sta\u0308dtische-Galerie-Herne-konkrete-kunst--300x300.jpg 300w, http:\/\/www.kausel.de\/wordpress\/wp-content\/uploads\/2022\/05\/Sta\u0308dtische-Galerie-Herne-konkrete-kunst--150x150.jpg 150w, http:\/\/www.kausel.de\/wordpress\/wp-content\/uploads\/2022\/05\/Sta\u0308dtische-Galerie-Herne-konkrete-kunst--768x768.jpg 768w, http:\/\/www.kausel.de\/wordpress\/wp-content\/uploads\/2022\/05\/Sta\u0308dtische-Galerie-Herne-konkrete-kunst--1536x1536.jpg 1536w, http:\/\/www.kausel.de\/wordpress\/wp-content\/uploads\/2022\/05\/Sta\u0308dtische-Galerie-Herne-konkrete-kunst--2048x2048.jpg 2048w\" sizes=\"(max-width: 580px) 100vw, 580px\" \/><\/a><p id=\"caption-attachment-6587\" class=\"wp-caption-text\">Konkrete Kunst St\u00e4dtische Galerie in den Flottmann Hallen Herne. Kunstausstellung. Werke von Thomas Peter Kausel.<\/p><\/div>\n<p>&nbsp;<\/p>\n<p>&nbsp;<\/p>\n<p>&nbsp;<\/p>\n<p>&nbsp;<\/p>\n<p>&nbsp;<\/p>\n<div id=\"attachment_6549\" style=\"width: 590px\" class=\"wp-caption aligncenter\"><a href=\"http:\/\/www.kausel.de\/wordpress\/wp-content\/uploads\/2022\/05\/IMG_0381-2-scaled.jpg\" data-rel=\"lightbox-image-45\" data-rl_title=\"\" data-rl_caption=\"\" title=\"\"><img aria-describedby=\"caption-attachment-6549\" decoding=\"async\" loading=\"lazy\" class=\"wp-image-6549 size-large\" src=\"http:\/\/www.kausel.de\/wordpress\/wp-content\/uploads\/2022\/05\/IMG_0381-2-1024x683.jpg\" alt=\"St\u00e4dtische Galerie Herne Thomas Kausel\" width=\"580\" height=\"387\" srcset=\"http:\/\/www.kausel.de\/wordpress\/wp-content\/uploads\/2022\/05\/IMG_0381-2-1024x683.jpg 1024w, http:\/\/www.kausel.de\/wordpress\/wp-content\/uploads\/2022\/05\/IMG_0381-2-300x200.jpg 300w, http:\/\/www.kausel.de\/wordpress\/wp-content\/uploads\/2022\/05\/IMG_0381-2-768x512.jpg 768w, http:\/\/www.kausel.de\/wordpress\/wp-content\/uploads\/2022\/05\/IMG_0381-2-1536x1024.jpg 1536w, http:\/\/www.kausel.de\/wordpress\/wp-content\/uploads\/2022\/05\/IMG_0381-2-2048x1365.jpg 2048w\" sizes=\"(max-width: 580px) 100vw, 580px\" \/><\/a><p id=\"caption-attachment-6549\" class=\"wp-caption-text\">St\u00e4dtische Galerie Herne in den Flottmann Hallen, konkrete kunst, Thomas Kausel, Kunstausstellung.<\/p><\/div>\n<p>&nbsp;<\/p>\n<p>&nbsp;<\/p>\n<p>&nbsp;<\/p>\n<div id=\"attachment_7855\" style=\"width: 1034px\" class=\"wp-caption aligncenter\"><a href=\"http:\/\/www.kausel.de\/wordpress\/wp-content\/uploads\/2023\/03\/Goethe-Institut-und-Thai-German-Cultural-Foundation-BangkokThailand-scaled.jpg\" data-rel=\"lightbox-image-46\" data-rl_title=\"painting on Canvas and Paper\" data-rl_caption=\"\" title=\"painting on Canvas and Paper\"><img aria-describedby=\"caption-attachment-7855\" decoding=\"async\" loading=\"lazy\" class=\"wp-image-7855 size-large\" src=\"http:\/\/www.kausel.de\/wordpress\/wp-content\/uploads\/2023\/03\/Goethe-Institut-und-Thai-German-Cultural-Foundation-BangkokThailand-1024x517.jpg\" alt=\"konkrete Kunst im Goethe Institut und Thai German-Cultural-Foundation Bangkok, Thailand\" width=\"1024\" height=\"517\" srcset=\"http:\/\/www.kausel.de\/wordpress\/wp-content\/uploads\/2023\/03\/Goethe-Institut-und-Thai-German-Cultural-Foundation-BangkokThailand-1024x517.jpg 1024w, http:\/\/www.kausel.de\/wordpress\/wp-content\/uploads\/2023\/03\/Goethe-Institut-und-Thai-German-Cultural-Foundation-BangkokThailand-300x151.jpg 300w, http:\/\/www.kausel.de\/wordpress\/wp-content\/uploads\/2023\/03\/Goethe-Institut-und-Thai-German-Cultural-Foundation-BangkokThailand-768x388.jpg 768w, http:\/\/www.kausel.de\/wordpress\/wp-content\/uploads\/2023\/03\/Goethe-Institut-und-Thai-German-Cultural-Foundation-BangkokThailand-1536x775.jpg 1536w, http:\/\/www.kausel.de\/wordpress\/wp-content\/uploads\/2023\/03\/Goethe-Institut-und-Thai-German-Cultural-Foundation-BangkokThailand-2048x1034.jpg 2048w\" sizes=\"(max-width: 1024px) 100vw, 1024px\" \/><\/a><p id=\"caption-attachment-7855\" class=\"wp-caption-text\">Goethe Institut und Thai German-Cultural Foundation Bangkok, Thailand. Malerei von Thomas Peter Kausel<\/p><\/div>\n<p>&nbsp;<\/p>\n<div id=\"attachment_7696\" style=\"width: 590px\" class=\"wp-caption aligncenter\"><a href=\"http:\/\/www.kausel.de\/wordpress\/wp-content\/uploads\/2023\/02\/konkrete-kunst-auf-Holz-gesaegt-geschliffen-scaled.jpg\" data-rel=\"lightbox-image-47\" data-rl_title=\"Malerei auf Holz\" data-rl_caption=\"\" title=\"Malerei auf Holz\"><img aria-describedby=\"caption-attachment-7696\" decoding=\"async\" loading=\"lazy\" class=\"wp-image-7696 size-large\" src=\"http:\/\/www.kausel.de\/wordpress\/wp-content\/uploads\/2023\/02\/konkrete-kunst-auf-Holz-gesaegt-geschliffen-1024x540.jpg\" alt=\"konkrete Malerei auf Holz\" width=\"580\" height=\"306\" srcset=\"http:\/\/www.kausel.de\/wordpress\/wp-content\/uploads\/2023\/02\/konkrete-kunst-auf-Holz-gesaegt-geschliffen-1024x540.jpg 1024w, http:\/\/www.kausel.de\/wordpress\/wp-content\/uploads\/2023\/02\/konkrete-kunst-auf-Holz-gesaegt-geschliffen-300x158.jpg 300w, http:\/\/www.kausel.de\/wordpress\/wp-content\/uploads\/2023\/02\/konkrete-kunst-auf-Holz-gesaegt-geschliffen-768x405.jpg 768w, http:\/\/www.kausel.de\/wordpress\/wp-content\/uploads\/2023\/02\/konkrete-kunst-auf-Holz-gesaegt-geschliffen-1536x810.jpg 1536w, http:\/\/www.kausel.de\/wordpress\/wp-content\/uploads\/2023\/02\/konkrete-kunst-auf-Holz-gesaegt-geschliffen-2048x1081.jpg 2048w\" sizes=\"(max-width: 580px) 100vw, 580px\" \/><\/a><p id=\"caption-attachment-7696\" class=\"wp-caption-text\">Konkrete Kunst auf Holz. Ausstellung St\u00e4dtische Galerie Haus Seel Siegen.<\/p><\/div>\n<p>&nbsp;<\/p>\n<p>&nbsp;<\/p>\n<div id=\"attachment_6533\" style=\"width: 590px\" class=\"wp-caption aligncenter\"><a href=\"http:\/\/www.kausel.de\/wordpress\/wp-content\/uploads\/2022\/05\/IMG_0309-scaled.jpg\" data-rel=\"lightbox-image-48\" data-rl_title=\"\" data-rl_caption=\"\" title=\"\"><img aria-describedby=\"caption-attachment-6533\" decoding=\"async\" loading=\"lazy\" class=\"wp-image-6533 size-large\" src=\"http:\/\/www.kausel.de\/wordpress\/wp-content\/uploads\/2022\/05\/IMG_0309-1024x683.jpg\" alt=\"konkrete kunst\" width=\"580\" height=\"387\" srcset=\"http:\/\/www.kausel.de\/wordpress\/wp-content\/uploads\/2022\/05\/IMG_0309-1024x683.jpg 1024w, http:\/\/www.kausel.de\/wordpress\/wp-content\/uploads\/2022\/05\/IMG_0309-300x200.jpg 300w, http:\/\/www.kausel.de\/wordpress\/wp-content\/uploads\/2022\/05\/IMG_0309-768x512.jpg 768w, http:\/\/www.kausel.de\/wordpress\/wp-content\/uploads\/2022\/05\/IMG_0309-1536x1024.jpg 1536w, http:\/\/www.kausel.de\/wordpress\/wp-content\/uploads\/2022\/05\/IMG_0309-2048x1365.jpg 2048w\" sizes=\"(max-width: 580px) 100vw, 580px\" \/><\/a><p id=\"caption-attachment-6533\" class=\"wp-caption-text\">Thomas Kausel, konkrete Kunst, Ausstellung, St\u00e4dtische Galerie in den Flottmann Hallen, in Herne.<\/p><\/div>\n<p>&nbsp;<\/p>\n<p>&nbsp;<\/p>\n<p>&nbsp;<\/p>\n<div id=\"attachment_7553\" style=\"width: 590px\" class=\"wp-caption aligncenter\"><a href=\"http:\/\/www.kausel.de\/wordpress\/wp-content\/uploads\/2023\/02\/pouring-No.-2-15.-mai-2022-Kunstausstellung-scaled.jpg\" data-rel=\"lightbox-image-49\" data-rl_title=\"\" data-rl_caption=\"\" title=\"\"><img aria-describedby=\"caption-attachment-7553\" decoding=\"async\" loading=\"lazy\" class=\"wp-image-7553 size-large\" src=\"http:\/\/www.kausel.de\/wordpress\/wp-content\/uploads\/2023\/02\/pouring-No.-2-15.-mai-2022-Kunstausstellung-1024x1024.jpg\" alt=\"\" width=\"580\" height=\"580\" srcset=\"http:\/\/www.kausel.de\/wordpress\/wp-content\/uploads\/2023\/02\/pouring-No.-2-15.-mai-2022-Kunstausstellung-1024x1024.jpg 1024w, http:\/\/www.kausel.de\/wordpress\/wp-content\/uploads\/2023\/02\/pouring-No.-2-15.-mai-2022-Kunstausstellung-300x300.jpg 300w, http:\/\/www.kausel.de\/wordpress\/wp-content\/uploads\/2023\/02\/pouring-No.-2-15.-mai-2022-Kunstausstellung-150x150.jpg 150w, http:\/\/www.kausel.de\/wordpress\/wp-content\/uploads\/2023\/02\/pouring-No.-2-15.-mai-2022-Kunstausstellung-768x768.jpg 768w, http:\/\/www.kausel.de\/wordpress\/wp-content\/uploads\/2023\/02\/pouring-No.-2-15.-mai-2022-Kunstausstellung-1536x1536.jpg 1536w, http:\/\/www.kausel.de\/wordpress\/wp-content\/uploads\/2023\/02\/pouring-No.-2-15.-mai-2022-Kunstausstellung-2048x2048.jpg 2048w\" sizes=\"(max-width: 580px) 100vw, 580px\" \/><\/a><p id=\"caption-attachment-7553\" class=\"wp-caption-text\">konkrete Kunst, pouring, 85 x 85 cm und 60 x 90 cm.<\/p><\/div>\n<p>&nbsp;<\/p>\n<div id=\"attachment_7458\" style=\"width: 590px\" class=\"wp-caption aligncenter\"><a href=\"http:\/\/www.kausel.de\/wordpress\/wp-content\/uploads\/2023\/02\/kunstverein-erlangen-Kopie-2.jpg\" data-rel=\"lightbox-image-50\" data-rl_title=\"\" data-rl_caption=\"\" title=\"\"><img aria-describedby=\"caption-attachment-7458\" decoding=\"async\" loading=\"lazy\" class=\"wp-image-7458 size-large\" src=\"http:\/\/www.kausel.de\/wordpress\/wp-content\/uploads\/2023\/02\/kunstverein-erlangen-Kopie-2-1024x683.jpg\" alt=\"\" width=\"580\" height=\"387\" srcset=\"http:\/\/www.kausel.de\/wordpress\/wp-content\/uploads\/2023\/02\/kunstverein-erlangen-Kopie-2-1024x683.jpg 1024w, http:\/\/www.kausel.de\/wordpress\/wp-content\/uploads\/2023\/02\/kunstverein-erlangen-Kopie-2-300x200.jpg 300w, http:\/\/www.kausel.de\/wordpress\/wp-content\/uploads\/2023\/02\/kunstverein-erlangen-Kopie-2-768x512.jpg 768w, http:\/\/www.kausel.de\/wordpress\/wp-content\/uploads\/2023\/02\/kunstverein-erlangen-Kopie-2-1536x1024.jpg 1536w, http:\/\/www.kausel.de\/wordpress\/wp-content\/uploads\/2023\/02\/kunstverein-erlangen-Kopie-2-2048x1365.jpg 2048w\" sizes=\"(max-width: 580px) 100vw, 580px\" \/><\/a><p id=\"caption-attachment-7458\" class=\"wp-caption-text\">Kunstverein Erlangen.Ausstellung Konkrete Kunst. \u00d6l auf Leinwand.<\/p><\/div>\n<p>&nbsp;<\/p>\n<p>&nbsp;<\/p>\n<div id=\"attachment_5889\" style=\"width: 590px\" class=\"wp-caption aligncenter\"><a href=\"http:\/\/www.kausel.de\/wordpress\/wp-content\/uploads\/2021\/11\/Museum-Bad-Berleburg-.jpg\" data-rel=\"lightbox-image-51\" data-rl_title=\"\" data-rl_caption=\"\" title=\"\"><img aria-describedby=\"caption-attachment-5889\" decoding=\"async\" loading=\"lazy\" class=\"wp-image-5889 size-large\" src=\"http:\/\/www.kausel.de\/wordpress\/wp-content\/uploads\/2021\/11\/Museum-Bad-Berleburg--1024x1024.jpg\" alt=\"Zeitgen\u00f6ssische Kunst im Museum Bad Berleburg\" width=\"580\" height=\"580\" srcset=\"http:\/\/www.kausel.de\/wordpress\/wp-content\/uploads\/2021\/11\/Museum-Bad-Berleburg--1024x1024.jpg 1024w, http:\/\/www.kausel.de\/wordpress\/wp-content\/uploads\/2021\/11\/Museum-Bad-Berleburg--300x300.jpg 300w, http:\/\/www.kausel.de\/wordpress\/wp-content\/uploads\/2021\/11\/Museum-Bad-Berleburg--150x150.jpg 150w, http:\/\/www.kausel.de\/wordpress\/wp-content\/uploads\/2021\/11\/Museum-Bad-Berleburg--768x768.jpg 768w, http:\/\/www.kausel.de\/wordpress\/wp-content\/uploads\/2021\/11\/Museum-Bad-Berleburg-.jpg 1529w\" sizes=\"(max-width: 580px) 100vw, 580px\" \/><\/a><p id=\"caption-attachment-5889\" class=\"wp-caption-text\">Contemporary Art, konkrete Kunst im Museum Bad Berleburg<\/p><\/div>\n<p>&nbsp;<\/p>\n<p>&nbsp;<\/p>\n<p>&nbsp;<\/p>\n<p>&nbsp;<\/p>\n<div id=\"attachment_7444\" style=\"width: 590px\" class=\"wp-caption aligncenter\"><a href=\"http:\/\/www.kausel.de\/wordpress\/wp-content\/uploads\/2023\/02\/IMG_0303.jpeg\" data-rel=\"lightbox-image-52\" data-rl_title=\"\" data-rl_caption=\"\" title=\"\"><img aria-describedby=\"caption-attachment-7444\" decoding=\"async\" loading=\"lazy\" class=\"wp-image-7444 size-large\" src=\"http:\/\/www.kausel.de\/wordpress\/wp-content\/uploads\/2023\/02\/IMG_0303-985x1024.jpeg\" alt=\"Kunstverein Soest im Museum Wilhelm-Morgner-Haus\" width=\"580\" height=\"603\" srcset=\"http:\/\/www.kausel.de\/wordpress\/wp-content\/uploads\/2023\/02\/IMG_0303-985x1024.jpeg 985w, http:\/\/www.kausel.de\/wordpress\/wp-content\/uploads\/2023\/02\/IMG_0303-289x300.jpeg 289w, http:\/\/www.kausel.de\/wordpress\/wp-content\/uploads\/2023\/02\/IMG_0303-768x798.jpeg 768w, http:\/\/www.kausel.de\/wordpress\/wp-content\/uploads\/2023\/02\/IMG_0303.jpeg 1143w\" sizes=\"(max-width: 580px) 100vw, 580px\" \/><\/a><p id=\"caption-attachment-7444\" class=\"wp-caption-text\">Ausstellung im Museum Wilhelm-Morgner-Haus Soest, Kunstverein Soest.<\/p><\/div>\n<p>&nbsp;<\/p>\n<div id=\"attachment_5677\" style=\"width: 590px\" class=\"wp-caption aligncenter\"><a href=\"http:\/\/www.kausel.de\/wordpress\/wp-content\/uploads\/2021\/11\/Kunstverein-Augsburg-Holbeinhaus-Einzelausstellung-scaled.jpg\" data-rel=\"lightbox-image-53\" data-rl_title=\"\" data-rl_caption=\"\" title=\"\"><img aria-describedby=\"caption-attachment-5677\" decoding=\"async\" loading=\"lazy\" class=\"wp-image-5677 size-large\" src=\"http:\/\/www.kausel.de\/wordpress\/wp-content\/uploads\/2021\/11\/Kunstverein-Augsburg-Holbeinhaus-Einzelausstellung-1024x709.jpg\" alt=\"Kunstverein Augsburg Im Holbeinhaus Einzelausstellung\" width=\"580\" height=\"402\" srcset=\"http:\/\/www.kausel.de\/wordpress\/wp-content\/uploads\/2021\/11\/Kunstverein-Augsburg-Holbeinhaus-Einzelausstellung-1024x709.jpg 1024w, http:\/\/www.kausel.de\/wordpress\/wp-content\/uploads\/2021\/11\/Kunstverein-Augsburg-Holbeinhaus-Einzelausstellung-300x208.jpg 300w, http:\/\/www.kausel.de\/wordpress\/wp-content\/uploads\/2021\/11\/Kunstverein-Augsburg-Holbeinhaus-Einzelausstellung-768x532.jpg 768w, http:\/\/www.kausel.de\/wordpress\/wp-content\/uploads\/2021\/11\/Kunstverein-Augsburg-Holbeinhaus-Einzelausstellung-1536x1064.jpg 1536w, http:\/\/www.kausel.de\/wordpress\/wp-content\/uploads\/2021\/11\/Kunstverein-Augsburg-Holbeinhaus-Einzelausstellung-2048x1418.jpg 2048w\" sizes=\"(max-width: 580px) 100vw, 580px\" \/><\/a><p id=\"caption-attachment-5677\" class=\"wp-caption-text\">Kunstverein Augsburg im Holbeinhaus: &#8222;Die Farbe ist das Thema&#8220;.<\/p><\/div>\n<p>&nbsp;<\/p>\n<p>&nbsp;<\/p>\n<div id=\"attachment_5656\" style=\"width: 590px\" class=\"wp-caption aligncenter\"><a href=\"http:\/\/www.kausel.de\/wordpress\/wp-content\/uploads\/2021\/10\/Muzeum-Chelmskiej-scaled.jpg\" data-rel=\"lightbox-image-54\" data-rl_title=\"\" data-rl_caption=\"\" title=\"\"><img aria-describedby=\"caption-attachment-5656\" decoding=\"async\" loading=\"lazy\" class=\"wp-image-5656 size-large\" src=\"http:\/\/www.kausel.de\/wordpress\/wp-content\/uploads\/2021\/10\/Muzeum-Chelmskiej-1024x737.jpg\" alt=\"Museum Ausstellung konkrete Kunst\" width=\"580\" height=\"417\" srcset=\"http:\/\/www.kausel.de\/wordpress\/wp-content\/uploads\/2021\/10\/Muzeum-Chelmskiej-1024x737.jpg 1024w, http:\/\/www.kausel.de\/wordpress\/wp-content\/uploads\/2021\/10\/Muzeum-Chelmskiej-300x216.jpg 300w, http:\/\/www.kausel.de\/wordpress\/wp-content\/uploads\/2021\/10\/Muzeum-Chelmskiej-768x553.jpg 768w, http:\/\/www.kausel.de\/wordpress\/wp-content\/uploads\/2021\/10\/Muzeum-Chelmskiej-1536x1106.jpg 1536w, http:\/\/www.kausel.de\/wordpress\/wp-content\/uploads\/2021\/10\/Muzeum-Chelmskiej-2048x1474.jpg 2048w\" sizes=\"(max-width: 580px) 100vw, 580px\" \/><\/a><p id=\"caption-attachment-5656\" class=\"wp-caption-text\">Muzeum Ziemi Chelmskiej, Polen. Ausstellung<\/p><\/div>\n<p>&nbsp;<\/p>\n<div id=\"attachment_5617\" style=\"width: 951px\" class=\"wp-caption aligncenter\"><a href=\"http:\/\/www.kausel.de\/wordpress\/wp-content\/uploads\/2021\/10\/Bildschirmfoto-2021-10-14-um-09.30.32.png\" data-rel=\"lightbox-image-55\" data-rl_title=\"\" data-rl_caption=\"\" title=\"\"><img aria-describedby=\"caption-attachment-5617\" decoding=\"async\" loading=\"lazy\" class=\"wp-image-5617 size-full\" src=\"http:\/\/www.kausel.de\/wordpress\/wp-content\/uploads\/2021\/10\/Bildschirmfoto-2021-10-14-um-09.30.32.png\" alt=\"Kunstverein Hochrhein e.V. Bad S\u00e4ckingen\" width=\"941\" height=\"598\" srcset=\"http:\/\/www.kausel.de\/wordpress\/wp-content\/uploads\/2021\/10\/Bildschirmfoto-2021-10-14-um-09.30.32.png 941w, http:\/\/www.kausel.de\/wordpress\/wp-content\/uploads\/2021\/10\/Bildschirmfoto-2021-10-14-um-09.30.32-300x191.png 300w, http:\/\/www.kausel.de\/wordpress\/wp-content\/uploads\/2021\/10\/Bildschirmfoto-2021-10-14-um-09.30.32-768x488.png 768w\" sizes=\"(max-width: 941px) 100vw, 941px\" \/><\/a><p id=\"caption-attachment-5617\" class=\"wp-caption-text\">Kunstausstellung mit Gem\u00e4lden von Thomas Peter Kausel im Kunstverein Hochrhein elV. Bad S\u00e4ckingen<\/p><\/div>\n<p>&nbsp;<\/p>\n<p>&nbsp;<\/p>\n<p>&nbsp;<\/p>\n<div id=\"attachment_7460\" style=\"width: 590px\" class=\"wp-caption aligncenter\"><a href=\"http:\/\/www.kausel.de\/wordpress\/wp-content\/uploads\/2023\/02\/IMG_0041-rotated.jpg\" data-rel=\"lightbox-image-56\" data-rl_title=\"\" data-rl_caption=\"\" title=\"\"><img aria-describedby=\"caption-attachment-7460\" decoding=\"async\" loading=\"lazy\" class=\"wp-image-7460 size-large\" src=\"http:\/\/www.kausel.de\/wordpress\/wp-content\/uploads\/2023\/02\/IMG_0041-768x1024.jpg\" alt=\"\" width=\"580\" height=\"773\" srcset=\"http:\/\/www.kausel.de\/wordpress\/wp-content\/uploads\/2023\/02\/IMG_0041-768x1024.jpg 768w, http:\/\/www.kausel.de\/wordpress\/wp-content\/uploads\/2023\/02\/IMG_0041-225x300.jpg 225w, http:\/\/www.kausel.de\/wordpress\/wp-content\/uploads\/2023\/02\/IMG_0041-1152x1536.jpg 1152w, http:\/\/www.kausel.de\/wordpress\/wp-content\/uploads\/2023\/02\/IMG_0041-rotated.jpg 1224w\" sizes=\"(max-width: 580px) 100vw, 580px\" \/><\/a><p id=\"caption-attachment-7460\" class=\"wp-caption-text\">St\u00e4dtische Burggalerie Stolberg.Ausstellung mit Werken von Thomas Peter Kausel<\/p><\/div>\n<p>&nbsp;<\/p>\n<p>&nbsp;<\/p>\n<div id=\"attachment_5186\" style=\"width: 590px\" class=\"wp-caption aligncenter\"><a href=\"http:\/\/www.kausel.de\/wordpress\/wp-content\/uploads\/2021\/02\/flottmann-halle-mit-textOhne-Titel-4.jpg\" data-rel=\"lightbox-image-57\" data-rl_title=\"\" data-rl_caption=\"\" title=\"\"><img aria-describedby=\"caption-attachment-5186\" decoding=\"async\" loading=\"lazy\" class=\"wp-image-5186 size-large\" src=\"http:\/\/www.kausel.de\/wordpress\/wp-content\/uploads\/2021\/02\/flottmann-halle-mit-textOhne-Titel-4-1024x1024.jpg\" alt=\"St\u00e4dtische Galerie Herne\" width=\"580\" height=\"580\" srcset=\"http:\/\/www.kausel.de\/wordpress\/wp-content\/uploads\/2021\/02\/flottmann-halle-mit-textOhne-Titel-4-1024x1024.jpg 1024w, http:\/\/www.kausel.de\/wordpress\/wp-content\/uploads\/2021\/02\/flottmann-halle-mit-textOhne-Titel-4-300x300.jpg 300w, http:\/\/www.kausel.de\/wordpress\/wp-content\/uploads\/2021\/02\/flottmann-halle-mit-textOhne-Titel-4-150x150.jpg 150w, http:\/\/www.kausel.de\/wordpress\/wp-content\/uploads\/2021\/02\/flottmann-halle-mit-textOhne-Titel-4-768x768.jpg 768w, http:\/\/www.kausel.de\/wordpress\/wp-content\/uploads\/2021\/02\/flottmann-halle-mit-textOhne-Titel-4.jpg 1380w\" sizes=\"(max-width: 580px) 100vw, 580px\" \/><\/a><p id=\"caption-attachment-5186\" class=\"wp-caption-text\">St\u00e4dtische Galerie Herne in den Flottmann Hallen. Malerei von Thomas Peter Kausel.<\/p><\/div>\n<p>&nbsp;<\/p>\n<p>&nbsp;<\/p>\n<div id=\"attachment_4954\" style=\"width: 590px\" class=\"wp-caption aligncenter\"><a href=\"http:\/\/www.kausel.de\/wordpress\/wp-content\/uploads\/2020\/10\/DSC_5615-scaled.jpeg\" data-rel=\"lightbox-image-58\" data-rl_title=\"\" data-rl_caption=\"\" title=\"\"><img aria-describedby=\"caption-attachment-4954\" decoding=\"async\" loading=\"lazy\" class=\"wp-image-4954 size-large\" src=\"http:\/\/www.kausel.de\/wordpress\/wp-content\/uploads\/2020\/10\/DSC_5615-1024x690.jpeg\" alt=\"Malerei monochrom, einfarbig\" width=\"580\" height=\"391\" srcset=\"http:\/\/www.kausel.de\/wordpress\/wp-content\/uploads\/2020\/10\/DSC_5615-1024x690.jpeg 1024w, http:\/\/www.kausel.de\/wordpress\/wp-content\/uploads\/2020\/10\/DSC_5615-300x202.jpeg 300w, http:\/\/www.kausel.de\/wordpress\/wp-content\/uploads\/2020\/10\/DSC_5615-768x518.jpeg 768w, http:\/\/www.kausel.de\/wordpress\/wp-content\/uploads\/2020\/10\/DSC_5615-1536x1036.jpeg 1536w, http:\/\/www.kausel.de\/wordpress\/wp-content\/uploads\/2020\/10\/DSC_5615-2048x1381.jpeg 2048w\" sizes=\"(max-width: 580px) 100vw, 580px\" \/><\/a><p id=\"caption-attachment-4954\" class=\"wp-caption-text\">Malerei in blau und magenta &#8211; inspiriert wurde Thomas Kausel durch die Werke von Piero Manzoni im Museum f\u00fcr Moderne Kunst Stockholm Schweden. Jede Arbeit ist 50 x 50 x 2 cm gross, auf Leinwand und Holz. Arbeiten von Thomas Kausel sind weltweit in \u00fcber 150 Museen und Kunstsammlungen zu finden. Hier nur einige: Musee Jenisch Vevey Schweiz, Sprengel Museum Hannover Deutschland, Albertina Wien \u00d6sterreich, Staatliche Kunstsammlung Dresden, Staatliche Kunsthalle Karlsruhe.<\/p><\/div>\n<p>&nbsp;<\/p>\n<p>&nbsp;<\/p>\n<p>&nbsp;<\/p>\n<p>&nbsp;<\/p>\n<div id=\"attachment_4574\" style=\"width: 590px\" class=\"wp-caption aligncenter\"><a href=\"http:\/\/www.kausel.de\/wordpress\/wp-content\/uploads\/2020\/02\/UNADJUSTEDNONRAW_thumb_989.jpg\" data-rel=\"lightbox-image-59\" data-rl_title=\"\" data-rl_caption=\"\" title=\"\"><img aria-describedby=\"caption-attachment-4574\" decoding=\"async\" loading=\"lazy\" class=\"size-large wp-image-4574\" src=\"http:\/\/www.kausel.de\/wordpress\/wp-content\/uploads\/2020\/02\/UNADJUSTEDNONRAW_thumb_989-1024x768.jpg\" alt=\"Konkrete Kunst\" width=\"580\" height=\"435\" srcset=\"http:\/\/www.kausel.de\/wordpress\/wp-content\/uploads\/2020\/02\/UNADJUSTEDNONRAW_thumb_989.jpg 1024w, http:\/\/www.kausel.de\/wordpress\/wp-content\/uploads\/2020\/02\/UNADJUSTEDNONRAW_thumb_989-300x225.jpg 300w, http:\/\/www.kausel.de\/wordpress\/wp-content\/uploads\/2020\/02\/UNADJUSTEDNONRAW_thumb_989-768x576.jpg 768w\" sizes=\"(max-width: 580px) 100vw, 580px\" \/><\/a><p id=\"caption-attachment-4574\" class=\"wp-caption-text\">Bezirksamt Reinickendorf von Berlin,<br \/>Abteilung Kultur und Kunst zeigt neue Arbeiten in der Artothek Berlin Reinickendorf von Thomas P. Kausel<\/p><\/div>\n<p>&nbsp;<\/p>\n<p>&nbsp;<\/p>\n<p>&nbsp;<\/p>\n<div id=\"attachment_4570\" style=\"width: 590px\" class=\"wp-caption aligncenter\"><a href=\"http:\/\/www.kausel.de\/wordpress\/wp-content\/uploads\/2020\/02\/UNADJUSTEDNONRAW_thumb_971.jpg\" data-rel=\"lightbox-image-60\" data-rl_title=\"\" data-rl_caption=\"\" title=\"\"><img aria-describedby=\"caption-attachment-4570\" decoding=\"async\" loading=\"lazy\" class=\"size-large wp-image-4570\" src=\"http:\/\/www.kausel.de\/wordpress\/wp-content\/uploads\/2020\/02\/UNADJUSTEDNONRAW_thumb_971-1024x768.jpg\" alt=\"Graphothek Reinickendorf\" width=\"580\" height=\"435\" srcset=\"http:\/\/www.kausel.de\/wordpress\/wp-content\/uploads\/2020\/02\/UNADJUSTEDNONRAW_thumb_971.jpg 1024w, http:\/\/www.kausel.de\/wordpress\/wp-content\/uploads\/2020\/02\/UNADJUSTEDNONRAW_thumb_971-300x225.jpg 300w, http:\/\/www.kausel.de\/wordpress\/wp-content\/uploads\/2020\/02\/UNADJUSTEDNONRAW_thumb_971-768x576.jpg 768w\" sizes=\"(max-width: 580px) 100vw, 580px\" \/><\/a><p id=\"caption-attachment-4570\" class=\"wp-caption-text\">Thomas P. Kausel, konkrete Malerei, Farbfeldmalerei im Fontane Haus Berlin.<\/p><\/div>\n<p>&nbsp;<\/p>\n<p>&nbsp;<\/p>\n<p>&nbsp;<\/p>\n<p>&nbsp;<\/p>\n<p>&nbsp;<\/p>\n<div id=\"attachment_7551\" style=\"width: 590px\" class=\"wp-caption aligncenter\"><a href=\"http:\/\/www.kausel.de\/wordpress\/wp-content\/uploads\/2023\/02\/Staedtische-Galerie-in-den-Flottmann-Hallen-Herne.-.jpg\" data-rel=\"lightbox-image-61\" data-rl_title=\"\" data-rl_caption=\"\" title=\"\"><img aria-describedby=\"caption-attachment-7551\" decoding=\"async\" loading=\"lazy\" class=\"wp-image-7551 size-large\" src=\"http:\/\/www.kausel.de\/wordpress\/wp-content\/uploads\/2023\/02\/Staedtische-Galerie-in-den-Flottmann-Hallen-Herne.--1024x1024.jpg\" alt=\"\" width=\"580\" height=\"580\" srcset=\"http:\/\/www.kausel.de\/wordpress\/wp-content\/uploads\/2023\/02\/Staedtische-Galerie-in-den-Flottmann-Hallen-Herne.--1024x1024.jpg 1024w, http:\/\/www.kausel.de\/wordpress\/wp-content\/uploads\/2023\/02\/Staedtische-Galerie-in-den-Flottmann-Hallen-Herne.--300x300.jpg 300w, http:\/\/www.kausel.de\/wordpress\/wp-content\/uploads\/2023\/02\/Staedtische-Galerie-in-den-Flottmann-Hallen-Herne.--150x150.jpg 150w, http:\/\/www.kausel.de\/wordpress\/wp-content\/uploads\/2023\/02\/Staedtische-Galerie-in-den-Flottmann-Hallen-Herne.--768x768.jpg 768w, http:\/\/www.kausel.de\/wordpress\/wp-content\/uploads\/2023\/02\/Staedtische-Galerie-in-den-Flottmann-Hallen-Herne.--1536x1536.jpg 1536w, http:\/\/www.kausel.de\/wordpress\/wp-content\/uploads\/2023\/02\/Staedtische-Galerie-in-den-Flottmann-Hallen-Herne.--2048x2048.jpg 2048w\" sizes=\"(max-width: 580px) 100vw, 580px\" \/><\/a><p id=\"caption-attachment-7551\" class=\"wp-caption-text\">St\u00e4dtische Galerie in den Flottmann Hallen Herne. Malerei auf Holz mit reinen,ungemischten Pigmenten. Durchmesser 40 cm je Teller.<\/p><\/div>\n<p>&nbsp;<\/p>\n<p>&nbsp;<\/p>\n<p>&nbsp;<\/p>\n<p>&nbsp;<\/p>\n<div id=\"attachment_7727\" style=\"width: 590px\" class=\"wp-caption aligncenter\"><a href=\"http:\/\/www.kausel.de\/wordpress\/wp-content\/uploads\/2023\/02\/Kunst-Bilder-000001-scaled.jpg\" data-rel=\"lightbox-image-62\" data-rl_title=\"Malerei auf B\u00fcttenpapier und Leinwand\" data-rl_caption=\"\" title=\"Malerei auf B\u00fcttenpapier und Leinwand\"><img aria-describedby=\"caption-attachment-7727\" decoding=\"async\" loading=\"lazy\" class=\"wp-image-7727 size-large\" src=\"http:\/\/www.kausel.de\/wordpress\/wp-content\/uploads\/2023\/02\/Kunst-Bilder-000001-1024x490.jpg\" alt=\"Kunstpavillon alter Botanischer Garten M\u00fcnchen\" width=\"580\" height=\"278\" srcset=\"http:\/\/www.kausel.de\/wordpress\/wp-content\/uploads\/2023\/02\/Kunst-Bilder-000001-1024x490.jpg 1024w, http:\/\/www.kausel.de\/wordpress\/wp-content\/uploads\/2023\/02\/Kunst-Bilder-000001-300x144.jpg 300w, http:\/\/www.kausel.de\/wordpress\/wp-content\/uploads\/2023\/02\/Kunst-Bilder-000001-768x367.jpg 768w, http:\/\/www.kausel.de\/wordpress\/wp-content\/uploads\/2023\/02\/Kunst-Bilder-000001-1536x735.jpg 1536w, http:\/\/www.kausel.de\/wordpress\/wp-content\/uploads\/2023\/02\/Kunst-Bilder-000001-2048x980.jpg 2048w\" sizes=\"(max-width: 580px) 100vw, 580px\" \/><\/a><p id=\"caption-attachment-7727\" class=\"wp-caption-text\">Kunstpavillon alter Botanischer Garten M\u00fcnchen. Kunstausstellung mit Werken von Thomas Peter Kausel<\/p><\/div>\n<p>&nbsp;<\/p>\n<p>&nbsp;<\/p>\n<div id=\"attachment_7818\" style=\"width: 1034px\" class=\"wp-caption aligncenter\"><a href=\"http:\/\/www.kausel.de\/wordpress\/wp-content\/uploads\/2023\/02\/konkrete-kunst-von-Thomas-Peter-Kausel-scaled.jpg\" data-rel=\"lightbox-image-63\" data-rl_title=\"Workshop im Museum\" data-rl_caption=\"\" title=\"Workshop im Museum\"><img aria-describedby=\"caption-attachment-7818\" decoding=\"async\" loading=\"lazy\" class=\"wp-image-7818 size-large\" src=\"http:\/\/www.kausel.de\/wordpress\/wp-content\/uploads\/2023\/02\/konkrete-kunst-von-Thomas-Peter-Kausel-1024x680.jpg\" alt=\"Ludwig Hack Museum Ludwigshafen Workshop\" width=\"1024\" height=\"680\" srcset=\"http:\/\/www.kausel.de\/wordpress\/wp-content\/uploads\/2023\/02\/konkrete-kunst-von-Thomas-Peter-Kausel-1024x680.jpg 1024w, http:\/\/www.kausel.de\/wordpress\/wp-content\/uploads\/2023\/02\/konkrete-kunst-von-Thomas-Peter-Kausel-300x199.jpg 300w, http:\/\/www.kausel.de\/wordpress\/wp-content\/uploads\/2023\/02\/konkrete-kunst-von-Thomas-Peter-Kausel-768x510.jpg 768w, http:\/\/www.kausel.de\/wordpress\/wp-content\/uploads\/2023\/02\/konkrete-kunst-von-Thomas-Peter-Kausel-1536x1021.jpg 1536w, http:\/\/www.kausel.de\/wordpress\/wp-content\/uploads\/2023\/02\/konkrete-kunst-von-Thomas-Peter-Kausel-2048x1361.jpg 2048w\" sizes=\"(max-width: 1024px) 100vw, 1024px\" \/><\/a><p id=\"caption-attachment-7818\" class=\"wp-caption-text\">konkrete Kunst in der St\u00e4dtischen Galerie Siegen. Workshop im Ludwig Hack Museum Ludwigshafen. 6 Pigmenttafeln mit reinen, ungemischten Farben.<\/p><\/div>\n<p>&nbsp;<\/p>\n<p>&nbsp;<\/p>\n<p>&nbsp;<\/p>\n<p>&nbsp;<\/p>\n<p>&nbsp;<\/p>\n<p>&nbsp;<\/p>\n<p>&nbsp;<\/p>\n<p>&nbsp;<\/p>\n<p>&nbsp;<\/p>\n","protected":false},"excerpt":{"rendered":"<p>&nbsp; &nbsp; &nbsp; &nbsp; &nbsp; &nbsp; &nbsp; &nbsp; &nbsp; &nbsp; &nbsp; &nbsp; &nbsp; &nbsp; &nbsp; &nbsp; &nbsp; &nbsp; &nbsp; &nbsp; &nbsp; &nbsp; &nbsp; &nbsp; &nbsp; &nbsp; &nbsp; &nbsp; &nbsp; &nbsp; &nbsp; &nbsp; &nbsp; &nbsp; &nbsp; &nbsp; &nbsp; &nbsp; &nbsp; &nbsp; &nbsp; &nbsp; &nbsp; &nbsp; &nbsp; &nbsp; &nbsp; &nbsp; &nbsp; &nbsp; &nbsp; &nbsp; &nbsp; &nbsp; &nbsp; [&hellip;]<\/p>\n","protected":false},"author":2,"featured_media":0,"parent":0,"menu_order":0,"comment_status":"closed","ping_status":"closed","template":"","meta":[],"_links":{"self":[{"href":"http:\/\/www.kausel.de\/wordpress\/wp-json\/wp\/v2\/pages\/3522"}],"collection":[{"href":"http:\/\/www.kausel.de\/wordpress\/wp-json\/wp\/v2\/pages"}],"about":[{"href":"http:\/\/www.kausel.de\/wordpress\/wp-json\/wp\/v2\/types\/page"}],"author":[{"embeddable":true,"href":"http:\/\/www.kausel.de\/wordpress\/wp-json\/wp\/v2\/users\/2"}],"replies":[{"embeddable":true,"href":"http:\/\/www.kausel.de\/wordpress\/wp-json\/wp\/v2\/comments?post=3522"}],"version-history":[{"count":637,"href":"http:\/\/www.kausel.de\/wordpress\/wp-json\/wp\/v2\/pages\/3522\/revisions"}],"predecessor-version":[{"id":8379,"href":"http:\/\/www.kausel.de\/wordpress\/wp-json\/wp\/v2\/pages\/3522\/revisions\/8379"}],"wp:attachment":[{"href":"http:\/\/www.kausel.de\/wordpress\/wp-json\/wp\/v2\/media?parent=3522"}],"curies":[{"name":"wp","href":"https:\/\/api.w.org\/{rel}","templated":true}]}}